{"id":469,"date":"2020-07-12T23:34:42","date_gmt":"2020-07-12T21:34:42","guid":{"rendered":"https:\/\/agniyoga.es\/?page_id=469"},"modified":"2024-03-08T08:17:39","modified_gmt":"2024-03-08T07:17:39","slug":"blog-2","status":"publish","type":"page","link":"https:\/\/agniyoga.es\/index.php\/blog-2\/","title":{"rendered":"Blog"},"content":{"rendered":"\t\t<div data-elementor-type=\"post\" data-elementor-id=\"469\" class=\"elementor elementor-469\" data-elementor-settings=\"[]\">\n\t\t\t<div class=\"elementor-inner\">\n\t\t\t\t<div class=\"elementor-section-wrap\">\n\t\t\t\t\t\t\t<section class=\"elementor-element elementor-element-637e606a elementor-section-full_width elementor-section-height-default elementor-section-height-default elementor-section elementor-top-section\" data-id=\"637e606a\" data-element_type=\"section\">\n\t\t\t\t\t\t<div class=\"elementor-container elementor-column-gap-default\">\n\t\t\t\t<div class=\"elementor-row\">\n\t\t\t\t<div class=\"elementor-element elementor-element-6422e3d2 elementor-column elementor-col-100 elementor-top-column\" data-id=\"6422e3d2\" data-element_type=\"column\">\n\t\t\t<div class=\"elementor-column-wrap  elementor-element-populated\">\n\t\t\t\t\t<div class=\"elementor-widget-wrap\">\n\t\t\t\t<section class=\"elementor-element elementor-element-37eee9a4 elementor-section-boxed elementor-section-height-default elementor-section-height-default elementor-section elementor-inner-section\" data-id=\"37eee9a4\" data-element_type=\"section\">\n\t\t\t\t\t\t<div class=\"elementor-container elementor-column-gap-default\">\n\t\t\t\t<div class=\"elementor-row\">\n\t\t\t\t<div class=\"elementor-element elementor-element-26e2026c elementor-column elementor-col-50 elementor-inner-column\" data-id=\"26e2026c\" data-element_type=\"column\">\n\t\t\t<div class=\"elementor-column-wrap  elementor-element-populated\">\n\t\t\t\t\t<div class=\"elementor-widget-wrap\">\n\t\t\t\t<div class=\"elementor-element elementor-element-0c05c96 elementor-widget elementor-widget-image\" data-id=\"0c05c96\" data-element_type=\"widget\" data-widget_type=\"image.default\">\n\t\t\t\t<div class=\"elementor-widget-container\">\n\t\t\t\t\t<div class=\"elementor-image\">\n\t\t\t\t\t\t\t\t\t\t\t<a href=\"https:\/\/agniyoga.es\/\" data-elementor-open-lightbox=\"\">\n\t\t\t\t\t\t\t<img decoding=\"async\" src=\"https:\/\/agniyoga.es\/wp-content\/uploads\/2019\/05\/logo_verd.svg\" class=\"attachment-full size-full\" alt=\"\" \/>\t\t\t\t\t\t\t\t<\/a>\n\t\t\t\t\t\t\t\t\t\t\t<\/div>\n\t\t\t\t<\/div>\n\t\t\t\t<\/div>\n\t\t\t\t\t\t<\/div>\n\t\t\t<\/div>\n\t\t<\/div>\n\t\t\t\t<div class=\"elementor-element elementor-element-3ff618b5 elementor-column elementor-col-50 elementor-inner-column\" data-id=\"3ff618b5\" data-element_type=\"column\">\n\t\t\t<div class=\"elementor-column-wrap  elementor-element-populated\">\n\t\t\t\t\t<div class=\"elementor-widget-wrap\">\n\t\t\t\t<div class=\"elementor-element elementor-element-4c1e0eea elementor-nav-menu__align-right roblox elementor-nav-menu--indicator-classic elementor-nav-menu--dropdown-tablet elementor-nav-menu__text-align-aside elementor-nav-menu--toggle elementor-nav-menu--burger elementor-widget elementor-widget-nav-menu\" data-id=\"4c1e0eea\" data-element_type=\"widget\" data-settings=\"{&quot;layout&quot;:&quot;horizontal&quot;,&quot;toggle&quot;:&quot;burger&quot;}\" data-widget_type=\"nav-menu.default\">\n\t\t\t\t<div class=\"elementor-widget-container\">\n\t\t\t\t\t\t<nav class=\"elementor-nav-menu--main elementor-nav-menu__container elementor-nav-menu--layout-horizontal e--pointer-text e--animation-sink\"><ul id=\"menu-1-4c1e0eea\" class=\"elementor-nav-menu\"><li class=\"menu-item menu-item-type-post_type menu-item-object-page menu-item-220\"><a href=\"https:\/\/agniyoga.es\/index.php\/agni-yoga\/\" class=\"elementor-item\">Agni Yoga<\/a><\/li>\n<li class=\"menu-item menu-item-type-post_type menu-item-object-page menu-item-62\"><a href=\"https:\/\/agniyoga.es\/index.php\/escuela-adamantem\/\" class=\"elementor-item\">Escuela Adamantem<\/a><\/li>\n<li class=\"menu-item menu-item-type-post_type menu-item-object-page menu-item-66\"><a href=\"https:\/\/agniyoga.es\/index.php\/quien-soy\/\" class=\"elementor-item\">Qui\u00e9n soy<\/a><\/li>\n<li class=\"menu-item menu-item-type-post_type menu-item-object-page menu-item-510\"><a href=\"https:\/\/agniyoga.es\/index.php\/blog-2\/\" class=\"elementor-item\">Blog<\/a><\/li>\n<li class=\"menu-item menu-item-type-taxonomy menu-item-object-category menu-item-894\"><a href=\"https:\/\/agniyoga.es\/index.php\/category\/libros\/\" class=\"elementor-item\">Libros de la autora<\/a><\/li>\n<\/ul><\/nav>\n\t\t\t\t\t<div class=\"elementor-menu-toggle\">\n\t\t\t<i class=\"eicon\" aria-hidden=\"true\"><\/i>\n\t\t\t<span class=\"elementor-screen-only\">Men\u00fa<\/span>\n\t\t<\/div>\n\t\t<nav class=\"elementor-nav-menu--dropdown elementor-nav-menu__container\"><ul id=\"menu-2-4c1e0eea\" class=\"elementor-nav-menu\"><li class=\"menu-item menu-item-type-post_type menu-item-object-page menu-item-220\"><a href=\"https:\/\/agniyoga.es\/index.php\/agni-yoga\/\" class=\"elementor-item\">Agni Yoga<\/a><\/li>\n<li class=\"menu-item menu-item-type-post_type menu-item-object-page menu-item-62\"><a href=\"https:\/\/agniyoga.es\/index.php\/escuela-adamantem\/\" class=\"elementor-item\">Escuela Adamantem<\/a><\/li>\n<li class=\"menu-item menu-item-type-post_type menu-item-object-page menu-item-66\"><a href=\"https:\/\/agniyoga.es\/index.php\/quien-soy\/\" class=\"elementor-item\">Qui\u00e9n soy<\/a><\/li>\n<li class=\"menu-item menu-item-type-post_type menu-item-object-page menu-item-510\"><a href=\"https:\/\/agniyoga.es\/index.php\/blog-2\/\" class=\"elementor-item\">Blog<\/a><\/li>\n<li class=\"menu-item menu-item-type-taxonomy menu-item-object-category menu-item-894\"><a href=\"https:\/\/agniyoga.es\/index.php\/category\/libros\/\" class=\"elementor-item\">Libros de la autora<\/a><\/li>\n<\/ul><\/nav>\n\t\t\t\t<\/div>\n\t\t\t\t<\/div>\n\t\t\t\t\t\t<\/div>\n\t\t\t<\/div>\n\t\t<\/div>\n\t\t\t\t\t\t<\/div>\n\t\t\t<\/div>\n\t\t<\/section>\n\t\t\t\t<div class=\"elementor-element elementor-element-39d08345 elementor-widget elementor-widget-divider\" data-id=\"39d08345\" data-element_type=\"widget\" data-widget_type=\"divider.default\">\n\t\t\t\t<div class=\"elementor-widget-container\">\n\t\t\t\t\t<div class=\"elementor-divider\">\n\t\t\t<span class=\"elementor-divider-separator\"><\/span>\n\t\t<\/div>\n\t\t\t\t<\/div>\n\t\t\t\t<\/div>\n\t\t\t\t\t\t<\/div>\n\t\t\t<\/div>\n\t\t<\/div>\n\t\t\t\t\t\t<\/div>\n\t\t\t<\/div>\n\t\t<\/section>\n\t\t\t\t<section class=\"elementor-element elementor-element-c12cac7 elementor-section-boxed elementor-section-height-default elementor-section-height-default elementor-section elementor-top-section\" data-id=\"c12cac7\" data-element_type=\"section\">\n\t\t\t\t\t\t<div class=\"elementor-container elementor-column-gap-default\">\n\t\t\t\t<div class=\"elementor-row\">\n\t\t\t\t<div class=\"elementor-element elementor-element-1db9c27 elementor-column elementor-col-100 elementor-top-column\" data-id=\"1db9c27\" data-element_type=\"column\">\n\t\t\t<div class=\"elementor-column-wrap  elementor-element-populated\">\n\t\t\t\t\t<div class=\"elementor-widget-wrap\">\n\t\t\t\t<div class=\"elementor-element elementor-element-a9f9fee elementor-grid-2 elementor-posts--align-center elementor-grid-tablet-2 elementor-grid-mobile-1 elementor-posts--thumbnail-top elementor-posts__hover-gradient elementor-widget elementor-widget-posts\" data-id=\"a9f9fee\" data-element_type=\"widget\" data-settings=\"{&quot;cards_columns&quot;:&quot;2&quot;,&quot;cards_row_gap&quot;:{&quot;unit&quot;:&quot;px&quot;,&quot;size&quot;:52,&quot;sizes&quot;:[]},&quot;cards_columns_tablet&quot;:&quot;2&quot;,&quot;cards_columns_mobile&quot;:&quot;1&quot;}\" data-widget_type=\"posts.cards\">\n\t\t\t\t<div class=\"elementor-widget-container\">\n\t\t\t\t\t<div class=\"elementor-posts-container elementor-posts elementor-grid elementor-posts--skin-cards\">\n\t\t\t\t<article class=\"elementor-post elementor-grid-item post-1039 post type-post status-publish format-standard has-post-thumbnail hentry category-articulos\">\n\t\t\t<div class=\"elementor-post__card\">\n\t\t\t\t<a class=\"elementor-post__thumbnail__link\" href=\"https:\/\/agniyoga.es\/index.php\/2022\/12\/20\/nuestro-mayor-bien\/\">\n\t\t\t<div class=\"elementor-post__thumbnail\"><img loading=\"lazy\" decoding=\"async\" width=\"800\" height=\"600\" src=\"https:\/\/agniyoga.es\/wp-content\/uploads\/2022\/12\/WhatsApp-Image-2022-12-20-at-21.24.39-1-1024x768.jpeg\" class=\"attachment-large size-large\" alt=\"\" srcset=\"https:\/\/agniyoga.es\/wp-content\/uploads\/2022\/12\/WhatsApp-Image-2022-12-20-at-21.24.39-1-1024x768.jpeg 1024w, https:\/\/agniyoga.es\/wp-content\/uploads\/2022\/12\/WhatsApp-Image-2022-12-20-at-21.24.39-1-300x225.jpeg 300w, https:\/\/agniyoga.es\/wp-content\/uploads\/2022\/12\/WhatsApp-Image-2022-12-20-at-21.24.39-1-768x576.jpeg 768w, https:\/\/agniyoga.es\/wp-content\/uploads\/2022\/12\/WhatsApp-Image-2022-12-20-at-21.24.39-1-1536x1153.jpeg 1536w, https:\/\/agniyoga.es\/wp-content\/uploads\/2022\/12\/WhatsApp-Image-2022-12-20-at-21.24.39-1.jpeg 1599w\" sizes=\"(max-width: 800px) 100vw, 800px\" \/><\/div>\n\t\t<\/a>\n\t\t\t\t<div class=\"elementor-post__text\">\n\t\t\t\t<h3 class=\"elementor-post__title\">\n\t\t\t<a href=\"https:\/\/agniyoga.es\/index.php\/2022\/12\/20\/nuestro-mayor-bien\/\">\n\t\t\t\tNUESTRO MAYOR BIEN\t\t\t<\/a>\n\t\t<\/h3>\n\t\t\t\t<div class=\"elementor-post__excerpt\">\n\t\t\t<p>&nbsp;&nbsp; \u201cDespi\u00e9rtate, t\u00fa que duermes, y ponte al d\u00eda con tu bien\u201d. &nbsp;&nbsp; Ahora me pongo al d\u00eda con mi bien, porque antes de pedir, ya me ha sido concedido. &nbsp;&nbsp; La situaci\u00f3n del mundo, en estos tiempos actuales, parece irresoluble, sin embargo, no importa cu\u00e1n dif\u00edcil parezca la situaci\u00f3n,<\/p>\n\t\t<\/div>\n\t\t\t\t<\/div>\n\t\t\t\t<div class=\"elementor-post__meta-data\">\n\t\t\t\t\t<span class=\"elementor-post-date\">\n\t\t\t20 diciembre, 2022\t\t<\/span>\n\t\t\t\t<\/div>\n\t\t\t\t\t<\/div>\n\t\t<\/article>\n\t\t\t\t<article class=\"elementor-post elementor-grid-item post-1035 post type-post status-publish format-standard has-post-thumbnail hentry category-articulos\">\n\t\t\t<div class=\"elementor-post__card\">\n\t\t\t\t<a class=\"elementor-post__thumbnail__link\" href=\"https:\/\/agniyoga.es\/index.php\/2022\/12\/02\/bendiciones\/\">\n\t\t\t<div class=\"elementor-post__thumbnail\"><img loading=\"lazy\" decoding=\"async\" width=\"800\" height=\"600\" src=\"https:\/\/agniyoga.es\/wp-content\/uploads\/2022\/12\/WhatsApp-Image-2022-12-02-at-08.04.54-1024x768.jpeg\" class=\"attachment-large size-large\" alt=\"\" srcset=\"https:\/\/agniyoga.es\/wp-content\/uploads\/2022\/12\/WhatsApp-Image-2022-12-02-at-08.04.54-1024x768.jpeg 1024w, https:\/\/agniyoga.es\/wp-content\/uploads\/2022\/12\/WhatsApp-Image-2022-12-02-at-08.04.54-300x225.jpeg 300w, https:\/\/agniyoga.es\/wp-content\/uploads\/2022\/12\/WhatsApp-Image-2022-12-02-at-08.04.54-768x576.jpeg 768w, https:\/\/agniyoga.es\/wp-content\/uploads\/2022\/12\/WhatsApp-Image-2022-12-02-at-08.04.54-1536x1152.jpeg 1536w, https:\/\/agniyoga.es\/wp-content\/uploads\/2022\/12\/WhatsApp-Image-2022-12-02-at-08.04.54.jpeg 2048w\" sizes=\"(max-width: 800px) 100vw, 800px\" \/><\/div>\n\t\t<\/a>\n\t\t\t\t<div class=\"elementor-post__text\">\n\t\t\t\t<h3 class=\"elementor-post__title\">\n\t\t\t<a href=\"https:\/\/agniyoga.es\/index.php\/2022\/12\/02\/bendiciones\/\">\n\t\t\t\tBENDICIONES\t\t\t<\/a>\n\t\t<\/h3>\n\t\t\t\t<div class=\"elementor-post__excerpt\">\n\t\t\t<p>Mis chakras vibran en su perfecta frecuencia y se expresan en su Divino color. Mi organismo y todo mi sistema se regenera, porque no puedo expresar otra cosa que el Amor del Esp\u00edritu que Soy.<\/p>\n\t\t<\/div>\n\t\t\t\t<\/div>\n\t\t\t\t<div class=\"elementor-post__meta-data\">\n\t\t\t\t\t<span class=\"elementor-post-date\">\n\t\t\t2 diciembre, 2022\t\t<\/span>\n\t\t\t\t<\/div>\n\t\t\t\t\t<\/div>\n\t\t<\/article>\n\t\t\t\t<article class=\"elementor-post elementor-grid-item post-1032 post type-post status-publish format-standard has-post-thumbnail hentry category-articulos\">\n\t\t\t<div class=\"elementor-post__card\">\n\t\t\t\t<a class=\"elementor-post__thumbnail__link\" href=\"https:\/\/agniyoga.es\/index.php\/2022\/11\/08\/el-enemigo-invisible\/\">\n\t\t\t<div class=\"elementor-post__thumbnail\"><img loading=\"lazy\" decoding=\"async\" width=\"800\" height=\"600\" src=\"https:\/\/agniyoga.es\/wp-content\/uploads\/2022\/11\/97-1024x768.jpeg\" class=\"attachment-large size-large\" alt=\"\" srcset=\"https:\/\/agniyoga.es\/wp-content\/uploads\/2022\/11\/97-1024x768.jpeg 1024w, https:\/\/agniyoga.es\/wp-content\/uploads\/2022\/11\/97-300x225.jpeg 300w, https:\/\/agniyoga.es\/wp-content\/uploads\/2022\/11\/97-768x576.jpeg 768w, https:\/\/agniyoga.es\/wp-content\/uploads\/2022\/11\/97-1536x1153.jpeg 1536w, https:\/\/agniyoga.es\/wp-content\/uploads\/2022\/11\/97.jpeg 1599w\" sizes=\"(max-width: 800px) 100vw, 800px\" \/><\/div>\n\t\t<\/a>\n\t\t\t\t<div class=\"elementor-post__text\">\n\t\t\t\t<h3 class=\"elementor-post__title\">\n\t\t\t<a href=\"https:\/\/agniyoga.es\/index.php\/2022\/11\/08\/el-enemigo-invisible\/\">\n\t\t\t\tEL ENEMIGO INVISIBLE\t\t\t<\/a>\n\t\t<\/h3>\n\t\t\t\t<div class=\"elementor-post__excerpt\">\n\t\t\t<p>&nbsp;&nbsp; He visto un v\u00eddeo de Lourdes Resollo[1], no la conoc\u00eda, la he conocido a trav\u00e9s de un discurso grabado y colgado en Youtube, su lucidez, honestidad y contundencia me han llegado al alma. No puedo por menos que asentir a todo lo que ella expone y no s\u00f3lo eso,<\/p>\n\t\t<\/div>\n\t\t\t\t<\/div>\n\t\t\t\t<div class=\"elementor-post__meta-data\">\n\t\t\t\t\t<span class=\"elementor-post-date\">\n\t\t\t8 noviembre, 2022\t\t<\/span>\n\t\t\t\t<\/div>\n\t\t\t\t\t<\/div>\n\t\t<\/article>\n\t\t\t\t<article class=\"elementor-post elementor-grid-item post-1017 post type-post status-publish format-standard has-post-thumbnail hentry category-articulos\">\n\t\t\t<div class=\"elementor-post__card\">\n\t\t\t\t<a class=\"elementor-post__thumbnail__link\" href=\"https:\/\/agniyoga.es\/index.php\/2022\/09\/18\/1017\/\">\n\t\t\t<div class=\"elementor-post__thumbnail\"><img loading=\"lazy\" decoding=\"async\" width=\"800\" height=\"320\" src=\"https:\/\/agniyoga.es\/wp-content\/uploads\/2022\/09\/WhatsApp-Image-2022-09-15-at-07.41.21-5-e1663492645557-1024x409.jpeg\" class=\"attachment-large size-large\" alt=\"\" srcset=\"https:\/\/agniyoga.es\/wp-content\/uploads\/2022\/09\/WhatsApp-Image-2022-09-15-at-07.41.21-5-e1663492645557-1024x409.jpeg 1024w, https:\/\/agniyoga.es\/wp-content\/uploads\/2022\/09\/WhatsApp-Image-2022-09-15-at-07.41.21-5-e1663492645557-300x120.jpeg 300w, https:\/\/agniyoga.es\/wp-content\/uploads\/2022\/09\/WhatsApp-Image-2022-09-15-at-07.41.21-5-e1663492645557-768x307.jpeg 768w, https:\/\/agniyoga.es\/wp-content\/uploads\/2022\/09\/WhatsApp-Image-2022-09-15-at-07.41.21-5-e1663492645557-1536x614.jpeg 1536w, https:\/\/agniyoga.es\/wp-content\/uploads\/2022\/09\/WhatsApp-Image-2022-09-15-at-07.41.21-5-e1663492645557.jpeg 1599w\" sizes=\"(max-width: 800px) 100vw, 800px\" \/><\/div>\n\t\t<\/a>\n\t\t\t\t<div class=\"elementor-post__text\">\n\t\t\t\t<h3 class=\"elementor-post__title\">\n\t\t\t<a href=\"https:\/\/agniyoga.es\/index.php\/2022\/09\/18\/1017\/\">\n\t\t\t\t\t\t\t<\/a>\n\t\t<\/h3>\n\t\t\t\t<div class=\"elementor-post__excerpt\">\n\t\t\t<p>CARTA A MIS HIJAS, HIJO, NIET@S Y YERNOS y seres queridos &nbsp;&nbsp; S\u00e9 que me sabr\u00e9is disculpar si utilizo el idioma castellano, aunque os suene un poco extra\u00f1o. As\u00ed me surge y siento que es un peque\u00f1o homenaje natural a mi madre, la mujer que me dio la vida. &nbsp;&nbsp;<\/p>\n\t\t<\/div>\n\t\t\t\t<\/div>\n\t\t\t\t<div class=\"elementor-post__meta-data\">\n\t\t\t\t\t<span class=\"elementor-post-date\">\n\t\t\t18 septiembre, 2022\t\t<\/span>\n\t\t\t\t<\/div>\n\t\t\t\t\t<\/div>\n\t\t<\/article>\n\t\t\t\t<article class=\"elementor-post elementor-grid-item post-1013 post type-post status-publish format-standard has-post-thumbnail hentry category-articulos\">\n\t\t\t<div class=\"elementor-post__card\">\n\t\t\t\t<a class=\"elementor-post__thumbnail__link\" href=\"https:\/\/agniyoga.es\/index.php\/2022\/07\/28\/llenate-de-coraje-y-abre-los-ojos\/\">\n\t\t\t<div class=\"elementor-post__thumbnail\"><img loading=\"lazy\" decoding=\"async\" width=\"800\" height=\"600\" src=\"https:\/\/agniyoga.es\/wp-content\/uploads\/2022\/07\/WhatsApp-Image-2022-07-28-at-10.35.09-AM-1-1024x768.jpeg\" class=\"attachment-large size-large\" alt=\"\" srcset=\"https:\/\/agniyoga.es\/wp-content\/uploads\/2022\/07\/WhatsApp-Image-2022-07-28-at-10.35.09-AM-1-1024x768.jpeg 1024w, https:\/\/agniyoga.es\/wp-content\/uploads\/2022\/07\/WhatsApp-Image-2022-07-28-at-10.35.09-AM-1-300x225.jpeg 300w, https:\/\/agniyoga.es\/wp-content\/uploads\/2022\/07\/WhatsApp-Image-2022-07-28-at-10.35.09-AM-1-768x576.jpeg 768w, https:\/\/agniyoga.es\/wp-content\/uploads\/2022\/07\/WhatsApp-Image-2022-07-28-at-10.35.09-AM-1-1536x1153.jpeg 1536w, https:\/\/agniyoga.es\/wp-content\/uploads\/2022\/07\/WhatsApp-Image-2022-07-28-at-10.35.09-AM-1.jpeg 1599w\" sizes=\"(max-width: 800px) 100vw, 800px\" \/><\/div>\n\t\t<\/a>\n\t\t\t\t<div class=\"elementor-post__text\">\n\t\t\t\t<h3 class=\"elementor-post__title\">\n\t\t\t<a href=\"https:\/\/agniyoga.es\/index.php\/2022\/07\/28\/llenate-de-coraje-y-abre-los-ojos\/\">\n\t\t\t\tLL\u00c9NATE DE CORAJE Y ABRE LOS OJOS\t\t\t<\/a>\n\t\t<\/h3>\n\t\t\t\t<div class=\"elementor-post__excerpt\">\n\t\t\t<p>&nbsp;&nbsp; Hay much\u00edsima gente que todav\u00eda no se ha dado cuenta de que vivimos en un paradigma fundamentado en la mentira y creado a base de mentiras. No darse cuenta de esta verdad implica, inevitablemente, contribuir con la propia mentira, consciente o inconsciente, a sostener y alimentar ese paradigma. La<\/p>\n\t\t<\/div>\n\t\t\t\t<\/div>\n\t\t\t\t<div class=\"elementor-post__meta-data\">\n\t\t\t\t\t<span class=\"elementor-post-date\">\n\t\t\t28 julio, 2022\t\t<\/span>\n\t\t\t\t<\/div>\n\t\t\t\t\t<\/div>\n\t\t<\/article>\n\t\t\t\t<article class=\"elementor-post elementor-grid-item post-1010 post type-post status-publish format-standard has-post-thumbnail hentry category-articulos\">\n\t\t\t<div class=\"elementor-post__card\">\n\t\t\t\t<a class=\"elementor-post__thumbnail__link\" href=\"https:\/\/agniyoga.es\/index.php\/2022\/07\/26\/lo-que-importa-es-la-consciencia\/\">\n\t\t\t<div class=\"elementor-post__thumbnail\"><img loading=\"lazy\" decoding=\"async\" width=\"800\" height=\"600\" src=\"https:\/\/agniyoga.es\/wp-content\/uploads\/2022\/07\/WhatsApp-Image-2022-07-19-at-9.28.47-PM-1-1024x768.jpeg\" class=\"attachment-large size-large\" alt=\"\" srcset=\"https:\/\/agniyoga.es\/wp-content\/uploads\/2022\/07\/WhatsApp-Image-2022-07-19-at-9.28.47-PM-1-1024x768.jpeg 1024w, https:\/\/agniyoga.es\/wp-content\/uploads\/2022\/07\/WhatsApp-Image-2022-07-19-at-9.28.47-PM-1-300x225.jpeg 300w, https:\/\/agniyoga.es\/wp-content\/uploads\/2022\/07\/WhatsApp-Image-2022-07-19-at-9.28.47-PM-1-768x576.jpeg 768w, https:\/\/agniyoga.es\/wp-content\/uploads\/2022\/07\/WhatsApp-Image-2022-07-19-at-9.28.47-PM-1-1536x1153.jpeg 1536w, https:\/\/agniyoga.es\/wp-content\/uploads\/2022\/07\/WhatsApp-Image-2022-07-19-at-9.28.47-PM-1.jpeg 1599w\" sizes=\"(max-width: 800px) 100vw, 800px\" \/><\/div>\n\t\t<\/a>\n\t\t\t\t<div class=\"elementor-post__text\">\n\t\t\t\t<h3 class=\"elementor-post__title\">\n\t\t\t<a href=\"https:\/\/agniyoga.es\/index.php\/2022\/07\/26\/lo-que-importa-es-la-consciencia\/\">\n\t\t\t\tLO QUE IMPORTA ES LA CONSCIENCIA\t\t\t<\/a>\n\t\t<\/h3>\n\t\t\t\t<div class=\"elementor-post__excerpt\">\n\t\t\t<p>&nbsp;&nbsp; Una de las pocas certezas que tengo es que este mundo est\u00e1 erigido con enga\u00f1os y mentiras, y que no puedo estar segura de nada que no pueda percibir de forma directa por m\u00ed misma. Para m\u00ed, como seguramente ha sido para muchos otros seres, el precio de la<\/p>\n\t\t<\/div>\n\t\t\t\t<\/div>\n\t\t\t\t<div class=\"elementor-post__meta-data\">\n\t\t\t\t\t<span class=\"elementor-post-date\">\n\t\t\t26 julio, 2022\t\t<\/span>\n\t\t\t\t<\/div>\n\t\t\t\t\t<\/div>\n\t\t<\/article>\n\t\t\t\t<article class=\"elementor-post elementor-grid-item post-1005 post type-post status-publish format-standard has-post-thumbnail hentry category-articulos\">\n\t\t\t<div class=\"elementor-post__card\">\n\t\t\t\t<a class=\"elementor-post__thumbnail__link\" href=\"https:\/\/agniyoga.es\/index.php\/2022\/07\/09\/soberana-y-senora-de-torogo\/\">\n\t\t\t<div class=\"elementor-post__thumbnail\"><img loading=\"lazy\" decoding=\"async\" width=\"800\" height=\"600\" src=\"https:\/\/agniyoga.es\/wp-content\/uploads\/2022\/07\/WhatsApp-Image-2022-07-04-at-4.23.02-PM-1-1024x768.jpeg\" class=\"attachment-large size-large\" alt=\"\" srcset=\"https:\/\/agniyoga.es\/wp-content\/uploads\/2022\/07\/WhatsApp-Image-2022-07-04-at-4.23.02-PM-1-1024x768.jpeg 1024w, https:\/\/agniyoga.es\/wp-content\/uploads\/2022\/07\/WhatsApp-Image-2022-07-04-at-4.23.02-PM-1-300x225.jpeg 300w, https:\/\/agniyoga.es\/wp-content\/uploads\/2022\/07\/WhatsApp-Image-2022-07-04-at-4.23.02-PM-1-768x576.jpeg 768w, https:\/\/agniyoga.es\/wp-content\/uploads\/2022\/07\/WhatsApp-Image-2022-07-04-at-4.23.02-PM-1-1536x1153.jpeg 1536w, https:\/\/agniyoga.es\/wp-content\/uploads\/2022\/07\/WhatsApp-Image-2022-07-04-at-4.23.02-PM-1.jpeg 1599w\" sizes=\"(max-width: 800px) 100vw, 800px\" \/><\/div>\n\t\t<\/a>\n\t\t\t\t<div class=\"elementor-post__text\">\n\t\t\t\t<h3 class=\"elementor-post__title\">\n\t\t\t<a href=\"https:\/\/agniyoga.es\/index.php\/2022\/07\/09\/soberana-y-senora-de-torogo\/\">\n\t\t\t\tSOBERANA Y SE\u00d1ORA DE TOROG\u00d3\t\t\t<\/a>\n\t\t<\/h3>\n\t\t\t\t<div class=\"elementor-post__excerpt\">\n\t\t\t<p>\u00a0\u00a0 Llegu\u00e9 aqu\u00ed por designio providencial. Esta tierra es mi territorio, territorio soberano sobre el que se est\u00e1 edificando un proyecto de luz que tengo el honor y el privilegio de liderar. Me present\u00e9 ante los seres org\u00e1nicos e inorg\u00e1nicos del lugar, les ped\u00ed permiso, les reconoc\u00ed, les reverenci\u00e9, les<\/p>\n\t\t<\/div>\n\t\t\t\t<\/div>\n\t\t\t\t<div class=\"elementor-post__meta-data\">\n\t\t\t\t\t<span class=\"elementor-post-date\">\n\t\t\t9 julio, 2022\t\t<\/span>\n\t\t\t\t<\/div>\n\t\t\t\t\t<\/div>\n\t\t<\/article>\n\t\t\t\t<article class=\"elementor-post elementor-grid-item post-990 post type-post status-publish format-standard has-post-thumbnail hentry category-articulos\">\n\t\t\t<div class=\"elementor-post__card\">\n\t\t\t\t<a class=\"elementor-post__thumbnail__link\" href=\"https:\/\/agniyoga.es\/index.php\/2022\/06\/24\/cual-es-mi-proposito\/\">\n\t\t\t<div class=\"elementor-post__thumbnail\"><img loading=\"lazy\" decoding=\"async\" width=\"800\" height=\"600\" src=\"https:\/\/agniyoga.es\/wp-content\/uploads\/2022\/06\/WhatsApp-Image-2022-06-24-at-3.22.13-PM-1024x768.jpeg\" class=\"attachment-large size-large\" alt=\"\" srcset=\"https:\/\/agniyoga.es\/wp-content\/uploads\/2022\/06\/WhatsApp-Image-2022-06-24-at-3.22.13-PM-1024x768.jpeg 1024w, https:\/\/agniyoga.es\/wp-content\/uploads\/2022\/06\/WhatsApp-Image-2022-06-24-at-3.22.13-PM-300x225.jpeg 300w, https:\/\/agniyoga.es\/wp-content\/uploads\/2022\/06\/WhatsApp-Image-2022-06-24-at-3.22.13-PM-768x576.jpeg 768w, https:\/\/agniyoga.es\/wp-content\/uploads\/2022\/06\/WhatsApp-Image-2022-06-24-at-3.22.13-PM-1536x1153.jpeg 1536w, https:\/\/agniyoga.es\/wp-content\/uploads\/2022\/06\/WhatsApp-Image-2022-06-24-at-3.22.13-PM.jpeg 1599w\" sizes=\"(max-width: 800px) 100vw, 800px\" \/><\/div>\n\t\t<\/a>\n\t\t\t\t<div class=\"elementor-post__text\">\n\t\t\t\t<h3 class=\"elementor-post__title\">\n\t\t\t<a href=\"https:\/\/agniyoga.es\/index.php\/2022\/06\/24\/cual-es-mi-proposito\/\">\n\t\t\t\t\u00bfCu\u00e1l es mi Prop\u00f3sito?\t\t\t<\/a>\n\t\t<\/h3>\n\t\t\t\t<div class=\"elementor-post__excerpt\">\n\t\t\t<p>\u00a0\u00a0 Dejo de lado todos los peque\u00f1os prop\u00f3sitos del d\u00eda a d\u00eda para indagar hacia adentro y hallar las palabras con las que pueda definir mi Prop\u00f3sito. La definici\u00f3n tiene que ser escueta y sint\u00e9tica, la extensi\u00f3n se vuelve in\u00fatil y se convierte en dispersi\u00f3n y por lo tanto en<\/p>\n\t\t<\/div>\n\t\t\t\t<\/div>\n\t\t\t\t<div class=\"elementor-post__meta-data\">\n\t\t\t\t\t<span class=\"elementor-post-date\">\n\t\t\t24 junio, 2022\t\t<\/span>\n\t\t\t\t<\/div>\n\t\t\t\t\t<\/div>\n\t\t<\/article>\n\t\t\t\t<article class=\"elementor-post elementor-grid-item post-985 post type-post status-publish format-standard has-post-thumbnail hentry category-articulos\">\n\t\t\t<div class=\"elementor-post__card\">\n\t\t\t\t<a class=\"elementor-post__thumbnail__link\" href=\"https:\/\/agniyoga.es\/index.php\/2022\/04\/26\/amor-contra-resistencia\/\">\n\t\t\t<div class=\"elementor-post__thumbnail\"><img loading=\"lazy\" decoding=\"async\" width=\"800\" height=\"600\" src=\"https:\/\/agniyoga.es\/wp-content\/uploads\/2022\/04\/WhatsApp-Image-2020-12-05-at-18.35.13-1024x768.jpeg\" class=\"attachment-large size-large\" alt=\"\" srcset=\"https:\/\/agniyoga.es\/wp-content\/uploads\/2022\/04\/WhatsApp-Image-2020-12-05-at-18.35.13-1024x768.jpeg 1024w, https:\/\/agniyoga.es\/wp-content\/uploads\/2022\/04\/WhatsApp-Image-2020-12-05-at-18.35.13-300x225.jpeg 300w, https:\/\/agniyoga.es\/wp-content\/uploads\/2022\/04\/WhatsApp-Image-2020-12-05-at-18.35.13-768x576.jpeg 768w, https:\/\/agniyoga.es\/wp-content\/uploads\/2022\/04\/WhatsApp-Image-2020-12-05-at-18.35.13-1536x1153.jpeg 1536w, https:\/\/agniyoga.es\/wp-content\/uploads\/2022\/04\/WhatsApp-Image-2020-12-05-at-18.35.13.jpeg 1599w\" sizes=\"(max-width: 800px) 100vw, 800px\" \/><\/div>\n\t\t<\/a>\n\t\t\t\t<div class=\"elementor-post__text\">\n\t\t\t\t<h3 class=\"elementor-post__title\">\n\t\t\t<a href=\"https:\/\/agniyoga.es\/index.php\/2022\/04\/26\/amor-contra-resistencia\/\">\n\t\t\t\tAMOR CONTRA RESISTENCIA\t\t\t<\/a>\n\t\t<\/h3>\n\t\t\t\t<div class=\"elementor-post__excerpt\">\n\t\t\t<p>&nbsp;&nbsp; En la exposici\u00f3n de hoy quiero dar testimonio vital de un hecho que se cumple y siempre se ha cumplido en este paradigma de tercera dimensi\u00f3n en el cual elegimos encarnar por razones de aprendizaje y evoluci\u00f3n. Para ilustrar este hecho al cual me refiero y dada la complejidad<\/p>\n\t\t<\/div>\n\t\t\t\t<\/div>\n\t\t\t\t<div class=\"elementor-post__meta-data\">\n\t\t\t\t\t<span class=\"elementor-post-date\">\n\t\t\t26 abril, 2022\t\t<\/span>\n\t\t\t\t<\/div>\n\t\t\t\t\t<\/div>\n\t\t<\/article>\n\t\t\t\t<article class=\"elementor-post elementor-grid-item post-983 post type-post status-publish format-standard has-post-thumbnail hentry category-articulos\">\n\t\t\t<div class=\"elementor-post__card\">\n\t\t\t\t<a class=\"elementor-post__thumbnail__link\" href=\"https:\/\/agniyoga.es\/index.php\/2022\/03\/25\/cuestionamientos-sobre-el-karma\/\">\n\t\t\t<div class=\"elementor-post__thumbnail\"><img loading=\"lazy\" decoding=\"async\" width=\"768\" height=\"1024\" src=\"https:\/\/agniyoga.es\/wp-content\/uploads\/2022\/03\/WhatsApp-Image-2022-03-20-at-08.43.04-768x1024.jpeg\" class=\"attachment-large size-large\" alt=\"\" srcset=\"https:\/\/agniyoga.es\/wp-content\/uploads\/2022\/03\/WhatsApp-Image-2022-03-20-at-08.43.04-768x1023.jpeg 768w, https:\/\/agniyoga.es\/wp-content\/uploads\/2022\/03\/WhatsApp-Image-2022-03-20-at-08.43.04-225x300.jpeg 225w, https:\/\/agniyoga.es\/wp-content\/uploads\/2022\/03\/WhatsApp-Image-2022-03-20-at-08.43.04-1153x1536.jpeg 1153w, https:\/\/agniyoga.es\/wp-content\/uploads\/2022\/03\/WhatsApp-Image-2022-03-20-at-08.43.04.jpeg 1200w\" sizes=\"(max-width: 768px) 100vw, 768px\" \/><\/div>\n\t\t<\/a>\n\t\t\t\t<div class=\"elementor-post__text\">\n\t\t\t\t<h3 class=\"elementor-post__title\">\n\t\t\t<a href=\"https:\/\/agniyoga.es\/index.php\/2022\/03\/25\/cuestionamientos-sobre-el-karma\/\">\n\t\t\t\tcuestionamientos sobre el karma\t\t\t<\/a>\n\t\t<\/h3>\n\t\t\t\t<div class=\"elementor-post__excerpt\">\n\t\t\t<p>&nbsp;&nbsp; Comentario suscitado por el visionado del siguiente v\u00eddeo: \u00a0 \u00a0https:\/\/www.youtube.com\/watch?v=XLWxDCOPzwU \u00a0\u00a0 Buenos d\u00edas y gracias por este maravilloso compartir. Quiero hacer una aportaci\u00f3n para abrir un debate sobre un cuestionamiento profundo que me hago en relaci\u00f3n a la interpretaci\u00f3n del karma que he estado sosteniendo durante muchos a\u00f1os. Por<\/p>\n\t\t<\/div>\n\t\t\t\t<\/div>\n\t\t\t\t<div class=\"elementor-post__meta-data\">\n\t\t\t\t\t<span class=\"elementor-post-date\">\n\t\t\t25 marzo, 2022\t\t<\/span>\n\t\t\t\t<\/div>\n\t\t\t\t\t<\/div>\n\t\t<\/article>\n\t\t\t\t<article class=\"elementor-post elementor-grid-item post-970 post type-post status-publish format-standard has-post-thumbnail hentry category-articulos\">\n\t\t\t<div class=\"elementor-post__card\">\n\t\t\t\t<a class=\"elementor-post__thumbnail__link\" href=\"https:\/\/agniyoga.es\/index.php\/2022\/03\/20\/970\/\">\n\t\t\t<div class=\"elementor-post__thumbnail\"><img loading=\"lazy\" decoding=\"async\" width=\"800\" height=\"600\" src=\"https:\/\/agniyoga.es\/wp-content\/uploads\/2022\/03\/WhatsApp-Image-2022-03-20-at-08.38.45-1024x768.jpeg\" class=\"attachment-large size-large\" alt=\"\" srcset=\"https:\/\/agniyoga.es\/wp-content\/uploads\/2022\/03\/WhatsApp-Image-2022-03-20-at-08.38.45-1024x768.jpeg 1024w, https:\/\/agniyoga.es\/wp-content\/uploads\/2022\/03\/WhatsApp-Image-2022-03-20-at-08.38.45-300x225.jpeg 300w, https:\/\/agniyoga.es\/wp-content\/uploads\/2022\/03\/WhatsApp-Image-2022-03-20-at-08.38.45-768x576.jpeg 768w, https:\/\/agniyoga.es\/wp-content\/uploads\/2022\/03\/WhatsApp-Image-2022-03-20-at-08.38.45-1536x1153.jpeg 1536w, https:\/\/agniyoga.es\/wp-content\/uploads\/2022\/03\/WhatsApp-Image-2022-03-20-at-08.38.45.jpeg 1599w\" sizes=\"(max-width: 800px) 100vw, 800px\" \/><\/div>\n\t\t<\/a>\n\t\t\t\t<div class=\"elementor-post__text\">\n\t\t\t\t<h3 class=\"elementor-post__title\">\n\t\t\t<a href=\"https:\/\/agniyoga.es\/index.php\/2022\/03\/20\/970\/\">\n\t\t\t\t\t\t\t<\/a>\n\t\t<\/h3>\n\t\t\t\t<div class=\"elementor-post__excerpt\">\n\t\t\t<p>EL PROPIO VALOR &nbsp;&nbsp; S\u00e9 con certeza de la importancia de ponerse en valor, llegu\u00e9 a esta convicci\u00f3n mucho tiempo atr\u00e1s, sin embargo, las experiencias de mi pasado tienen a\u00fan cierto peso energ\u00e9tico y han dificultado que la afirmaci\u00f3n anterior sea un hecho consolidado en mi experiencia \u00edntima. Supongo que<\/p>\n\t\t<\/div>\n\t\t\t\t<\/div>\n\t\t\t\t<div class=\"elementor-post__meta-data\">\n\t\t\t\t\t<span class=\"elementor-post-date\">\n\t\t\t20 marzo, 2022\t\t<\/span>\n\t\t\t\t<\/div>\n\t\t\t\t\t<\/div>\n\t\t<\/article>\n\t\t\t\t<article class=\"elementor-post elementor-grid-item post-966 post type-post status-publish format-standard has-post-thumbnail hentry category-articulos\">\n\t\t\t<div class=\"elementor-post__card\">\n\t\t\t\t<a class=\"elementor-post__thumbnail__link\" href=\"https:\/\/agniyoga.es\/index.php\/2022\/03\/03\/en-relacion-a-la-actitud\/\">\n\t\t\t<div class=\"elementor-post__thumbnail\"><img loading=\"lazy\" decoding=\"async\" width=\"800\" height=\"600\" src=\"https:\/\/agniyoga.es\/wp-content\/uploads\/2022\/02\/WhatsApp-Image-2022-02-11-at-09.00.31-1024x768.jpeg\" class=\"attachment-large size-large\" alt=\"\" srcset=\"https:\/\/agniyoga.es\/wp-content\/uploads\/2022\/02\/WhatsApp-Image-2022-02-11-at-09.00.31-1024x768.jpeg 1024w, https:\/\/agniyoga.es\/wp-content\/uploads\/2022\/02\/WhatsApp-Image-2022-02-11-at-09.00.31-300x225.jpeg 300w, https:\/\/agniyoga.es\/wp-content\/uploads\/2022\/02\/WhatsApp-Image-2022-02-11-at-09.00.31-768x576.jpeg 768w, https:\/\/agniyoga.es\/wp-content\/uploads\/2022\/02\/WhatsApp-Image-2022-02-11-at-09.00.31-1536x1153.jpeg 1536w, https:\/\/agniyoga.es\/wp-content\/uploads\/2022\/02\/WhatsApp-Image-2022-02-11-at-09.00.31.jpeg 1599w\" sizes=\"(max-width: 800px) 100vw, 800px\" \/><\/div>\n\t\t<\/a>\n\t\t\t\t<div class=\"elementor-post__text\">\n\t\t\t\t<h3 class=\"elementor-post__title\">\n\t\t\t<a href=\"https:\/\/agniyoga.es\/index.php\/2022\/03\/03\/en-relacion-a-la-actitud\/\">\n\t\t\t\tEN RELACI\u00d3N A LA ACTITUD\t\t\t<\/a>\n\t\t<\/h3>\n\t\t\t\t<div class=\"elementor-post__excerpt\">\n\t\t\t<p>&nbsp;&nbsp; En estos \u00faltimos meses he vuelto a pasar por experiencias dif\u00edciles que me han ido poniendo en resonancia con un familiar sentimiento de impotencia y han provocado que el cansancio, el desaliento y la desesperanza hayan estado predominando en mi vida. S\u00e9, y hace mucho tiempo que lo s\u00e9,<\/p>\n\t\t<\/div>\n\t\t\t\t<\/div>\n\t\t\t\t<div class=\"elementor-post__meta-data\">\n\t\t\t\t\t<span class=\"elementor-post-date\">\n\t\t\t3 marzo, 2022\t\t<\/span>\n\t\t\t\t<\/div>\n\t\t\t\t\t<\/div>\n\t\t<\/article>\n\t\t\t\t<article class=\"elementor-post elementor-grid-item post-961 post type-post status-publish format-standard has-post-thumbnail hentry category-articulos\">\n\t\t\t<div class=\"elementor-post__card\">\n\t\t\t\t<a class=\"elementor-post__thumbnail__link\" href=\"https:\/\/agniyoga.es\/index.php\/2022\/02\/16\/un-acto-volitivo\/\">\n\t\t\t<div class=\"elementor-post__thumbnail\"><img loading=\"lazy\" decoding=\"async\" width=\"800\" height=\"600\" src=\"https:\/\/agniyoga.es\/wp-content\/uploads\/2022\/02\/WhatsApp-Image-2022-02-11-at-09.01.27-1024x768.jpeg\" class=\"attachment-large size-large\" alt=\"\" srcset=\"https:\/\/agniyoga.es\/wp-content\/uploads\/2022\/02\/WhatsApp-Image-2022-02-11-at-09.01.27-1024x768.jpeg 1024w, https:\/\/agniyoga.es\/wp-content\/uploads\/2022\/02\/WhatsApp-Image-2022-02-11-at-09.01.27-300x225.jpeg 300w, https:\/\/agniyoga.es\/wp-content\/uploads\/2022\/02\/WhatsApp-Image-2022-02-11-at-09.01.27-768x576.jpeg 768w, https:\/\/agniyoga.es\/wp-content\/uploads\/2022\/02\/WhatsApp-Image-2022-02-11-at-09.01.27-1536x1153.jpeg 1536w, https:\/\/agniyoga.es\/wp-content\/uploads\/2022\/02\/WhatsApp-Image-2022-02-11-at-09.01.27.jpeg 1599w\" sizes=\"(max-width: 800px) 100vw, 800px\" \/><\/div>\n\t\t<\/a>\n\t\t\t\t<div class=\"elementor-post__text\">\n\t\t\t\t<h3 class=\"elementor-post__title\">\n\t\t\t<a href=\"https:\/\/agniyoga.es\/index.php\/2022\/02\/16\/un-acto-volitivo\/\">\n\t\t\t\tUN ACTO VOLITIVO\t\t\t<\/a>\n\t\t<\/h3>\n\t\t\t\t<div class=\"elementor-post__excerpt\">\n\t\t\t<p>&nbsp;&nbsp; Soy una persona de mente abierta, l\u00facida y autorreferente. Encarn\u00e9 con un alma muy c\u00e1ndida y expuesta, s\u00ed, pero tambi\u00e9n con un gran anhelo de veracidad que posibilit\u00f3 y posibilita el desarrollo de la capacidad de distinguir lo real detr\u00e1s de lo aparente, lo cual me permiti\u00f3 descubrir algo<\/p>\n\t\t<\/div>\n\t\t\t\t<\/div>\n\t\t\t\t<div class=\"elementor-post__meta-data\">\n\t\t\t\t\t<span class=\"elementor-post-date\">\n\t\t\t16 febrero, 2022\t\t<\/span>\n\t\t\t\t<\/div>\n\t\t\t\t\t<\/div>\n\t\t<\/article>\n\t\t\t\t<article class=\"elementor-post elementor-grid-item post-949 post type-post status-publish format-standard has-post-thumbnail hentry category-articulos\">\n\t\t\t<div class=\"elementor-post__card\">\n\t\t\t\t<a class=\"elementor-post__thumbnail__link\" href=\"https:\/\/agniyoga.es\/index.php\/2022\/02\/11\/metamorfosis\/\">\n\t\t\t<div class=\"elementor-post__thumbnail\"><img loading=\"lazy\" decoding=\"async\" width=\"800\" height=\"600\" src=\"https:\/\/agniyoga.es\/wp-content\/uploads\/2022\/02\/WhatsApp-Image-2022-02-11-at-09.03.11-1024x768.jpeg\" class=\"attachment-large size-large\" alt=\"\" srcset=\"https:\/\/agniyoga.es\/wp-content\/uploads\/2022\/02\/WhatsApp-Image-2022-02-11-at-09.03.11-1024x768.jpeg 1024w, https:\/\/agniyoga.es\/wp-content\/uploads\/2022\/02\/WhatsApp-Image-2022-02-11-at-09.03.11-300x225.jpeg 300w, https:\/\/agniyoga.es\/wp-content\/uploads\/2022\/02\/WhatsApp-Image-2022-02-11-at-09.03.11-768x576.jpeg 768w, https:\/\/agniyoga.es\/wp-content\/uploads\/2022\/02\/WhatsApp-Image-2022-02-11-at-09.03.11-1536x1153.jpeg 1536w, https:\/\/agniyoga.es\/wp-content\/uploads\/2022\/02\/WhatsApp-Image-2022-02-11-at-09.03.11.jpeg 1599w\" sizes=\"(max-width: 800px) 100vw, 800px\" \/><\/div>\n\t\t<\/a>\n\t\t\t\t<div class=\"elementor-post__text\">\n\t\t\t\t<h3 class=\"elementor-post__title\">\n\t\t\t<a href=\"https:\/\/agniyoga.es\/index.php\/2022\/02\/11\/metamorfosis\/\">\n\t\t\t\tMETAMORFOSIS\t\t\t<\/a>\n\t\t<\/h3>\n\t\t\t\t<div class=\"elementor-post__excerpt\">\n\t\t\t<p>&nbsp;&nbsp; Me parece como que casi no hay palabras para describir lo que ha sido la vida de muchos seres humanos en estas experiencias de encarnaci\u00f3n en la tercera dimensi\u00f3n de la Tierra a lo largo de eones de tiempo. S\u00e9 que, para muchos, sino para todos, ha sido una<\/p>\n\t\t<\/div>\n\t\t\t\t<\/div>\n\t\t\t\t<div class=\"elementor-post__meta-data\">\n\t\t\t\t\t<span class=\"elementor-post-date\">\n\t\t\t11 febrero, 2022\t\t<\/span>\n\t\t\t\t<\/div>\n\t\t\t\t\t<\/div>\n\t\t<\/article>\n\t\t\t\t<article class=\"elementor-post elementor-grid-item post-939 post type-post status-publish format-standard has-post-thumbnail hentry category-articulos\">\n\t\t\t<div class=\"elementor-post__card\">\n\t\t\t\t<a class=\"elementor-post__thumbnail__link\" href=\"https:\/\/agniyoga.es\/index.php\/2022\/01\/09\/939\/\">\n\t\t\t<div class=\"elementor-post__thumbnail\"><img loading=\"lazy\" decoding=\"async\" width=\"800\" height=\"600\" src=\"https:\/\/agniyoga.es\/wp-content\/uploads\/2022\/01\/WhatsApp-Image-2021-08-19-at-21.01.53-1024x768.jpeg\" class=\"attachment-large size-large\" alt=\"\" srcset=\"https:\/\/agniyoga.es\/wp-content\/uploads\/2022\/01\/WhatsApp-Image-2021-08-19-at-21.01.53-1024x768.jpeg 1024w, https:\/\/agniyoga.es\/wp-content\/uploads\/2022\/01\/WhatsApp-Image-2021-08-19-at-21.01.53-300x225.jpeg 300w, https:\/\/agniyoga.es\/wp-content\/uploads\/2022\/01\/WhatsApp-Image-2021-08-19-at-21.01.53-768x576.jpeg 768w, https:\/\/agniyoga.es\/wp-content\/uploads\/2022\/01\/WhatsApp-Image-2021-08-19-at-21.01.53-1536x1153.jpeg 1536w, https:\/\/agniyoga.es\/wp-content\/uploads\/2022\/01\/WhatsApp-Image-2021-08-19-at-21.01.53.jpeg 1599w\" sizes=\"(max-width: 800px) 100vw, 800px\" \/><\/div>\n\t\t<\/a>\n\t\t\t\t<div class=\"elementor-post__text\">\n\t\t\t\t<h3 class=\"elementor-post__title\">\n\t\t\t<a href=\"https:\/\/agniyoga.es\/index.php\/2022\/01\/09\/939\/\">\n\t\t\t\t\t\t\t<\/a>\n\t\t<\/h3>\n\t\t\t\t<div class=\"elementor-post__excerpt\">\n\t\t\t<p>DE LA MANO DE SERGI TORRES \u00a0\u00a0 Como dice Sergi Torres en su \u00faltima charla, necesitamos narrar el suceso constantemente para mantenerlo vigente, para dilatarlo en el tiempo. Incluyo en la descripci\u00f3n de \u201cnarrar el suceso\u201d al acto obsesivo de la mente de volver una y otra vez al suceso,<\/p>\n\t\t<\/div>\n\t\t\t\t<\/div>\n\t\t\t\t<div class=\"elementor-post__meta-data\">\n\t\t\t\t\t<span class=\"elementor-post-date\">\n\t\t\t9 enero, 2022\t\t<\/span>\n\t\t\t\t<\/div>\n\t\t\t\t\t<\/div>\n\t\t<\/article>\n\t\t\t\t<article class=\"elementor-post elementor-grid-item post-936 post type-post status-publish format-standard has-post-thumbnail hentry category-articulos\">\n\t\t\t<div class=\"elementor-post__card\">\n\t\t\t\t<a class=\"elementor-post__thumbnail__link\" href=\"https:\/\/agniyoga.es\/index.php\/2022\/01\/05\/comunicado-de-amor\/\">\n\t\t\t<div class=\"elementor-post__thumbnail\"><img loading=\"lazy\" decoding=\"async\" width=\"800\" height=\"600\" src=\"https:\/\/agniyoga.es\/wp-content\/uploads\/2022\/01\/WhatsApp-Image-2022-01-04-at-06.22.44-1024x768.jpeg\" class=\"attachment-large size-large\" alt=\"\" srcset=\"https:\/\/agniyoga.es\/wp-content\/uploads\/2022\/01\/WhatsApp-Image-2022-01-04-at-06.22.44-1024x768.jpeg 1024w, https:\/\/agniyoga.es\/wp-content\/uploads\/2022\/01\/WhatsApp-Image-2022-01-04-at-06.22.44-300x225.jpeg 300w, https:\/\/agniyoga.es\/wp-content\/uploads\/2022\/01\/WhatsApp-Image-2022-01-04-at-06.22.44-768x576.jpeg 768w, https:\/\/agniyoga.es\/wp-content\/uploads\/2022\/01\/WhatsApp-Image-2022-01-04-at-06.22.44-1536x1152.jpeg 1536w, https:\/\/agniyoga.es\/wp-content\/uploads\/2022\/01\/WhatsApp-Image-2022-01-04-at-06.22.44.jpeg 2048w\" sizes=\"(max-width: 800px) 100vw, 800px\" \/><\/div>\n\t\t<\/a>\n\t\t\t\t<div class=\"elementor-post__text\">\n\t\t\t\t<h3 class=\"elementor-post__title\">\n\t\t\t<a href=\"https:\/\/agniyoga.es\/index.php\/2022\/01\/05\/comunicado-de-amor\/\">\n\t\t\t\tCOMUNICADO DE AMOR\t\t\t<\/a>\n\t\t<\/h3>\n\t\t\t\t<div class=\"elementor-post__excerpt\">\n\t\t\t<p>&nbsp;&nbsp; Acudo a la escritura porque tengo una necesidad profunda de reconciliaci\u00f3n conmigo misma. Antes de empezar a expresar lo que me acongoja, quiero dar las gracias por la Vida, por todo lo que \u00c9sta me brinda. Gracias por la acogedora casa en la que vivo y el maravilloso lugar<\/p>\n\t\t<\/div>\n\t\t\t\t<\/div>\n\t\t\t\t<div class=\"elementor-post__meta-data\">\n\t\t\t\t\t<span class=\"elementor-post-date\">\n\t\t\t5 enero, 2022\t\t<\/span>\n\t\t\t\t<\/div>\n\t\t\t\t\t<\/div>\n\t\t<\/article>\n\t\t\t\t<article class=\"elementor-post elementor-grid-item post-932 post type-post status-publish format-standard has-post-thumbnail hentry category-articulos\">\n\t\t\t<div class=\"elementor-post__card\">\n\t\t\t\t<a class=\"elementor-post__thumbnail__link\" href=\"https:\/\/agniyoga.es\/index.php\/2021\/10\/28\/amor-libre-de-sacrificio\/\">\n\t\t\t<div class=\"elementor-post__thumbnail\"><img loading=\"lazy\" decoding=\"async\" width=\"800\" height=\"600\" src=\"https:\/\/agniyoga.es\/wp-content\/uploads\/2021\/10\/WhatsApp-Image-2021-10-28-at-07.51.38-1024x768.jpeg\" class=\"attachment-large size-large\" alt=\"\" srcset=\"https:\/\/agniyoga.es\/wp-content\/uploads\/2021\/10\/WhatsApp-Image-2021-10-28-at-07.51.38-1024x768.jpeg 1024w, https:\/\/agniyoga.es\/wp-content\/uploads\/2021\/10\/WhatsApp-Image-2021-10-28-at-07.51.38-300x225.jpeg 300w, https:\/\/agniyoga.es\/wp-content\/uploads\/2021\/10\/WhatsApp-Image-2021-10-28-at-07.51.38-768x576.jpeg 768w, https:\/\/agniyoga.es\/wp-content\/uploads\/2021\/10\/WhatsApp-Image-2021-10-28-at-07.51.38-1536x1153.jpeg 1536w, https:\/\/agniyoga.es\/wp-content\/uploads\/2021\/10\/WhatsApp-Image-2021-10-28-at-07.51.38.jpeg 1599w\" sizes=\"(max-width: 800px) 100vw, 800px\" \/><\/div>\n\t\t<\/a>\n\t\t\t\t<div class=\"elementor-post__text\">\n\t\t\t\t<h3 class=\"elementor-post__title\">\n\t\t\t<a href=\"https:\/\/agniyoga.es\/index.php\/2021\/10\/28\/amor-libre-de-sacrificio\/\">\n\t\t\t\tAMOR LIBRE DE SACRIFICIO\t\t\t<\/a>\n\t\t<\/h3>\n\t\t\t\t<div class=\"elementor-post__excerpt\">\n\t\t\t<p>\u00a0\u00a0 Aunque parezca una paradoja, para alcanzar el estado de amor libre de sacrificio, necesitamos transitar la experiencia del dolor puro. Vamos a sumergirnos en esta afirmaci\u00f3n que apunta a una pr\u00e1ctica clave de la experiencia del Agni Yoga, y que se que se puede explicar y entender muy bien<\/p>\n\t\t<\/div>\n\t\t\t\t<\/div>\n\t\t\t\t<div class=\"elementor-post__meta-data\">\n\t\t\t\t\t<span class=\"elementor-post-date\">\n\t\t\t28 octubre, 2021\t\t<\/span>\n\t\t\t\t<\/div>\n\t\t\t\t\t<\/div>\n\t\t<\/article>\n\t\t\t\t<article class=\"elementor-post elementor-grid-item post-927 post type-post status-publish format-standard has-post-thumbnail hentry category-articulos\">\n\t\t\t<div class=\"elementor-post__card\">\n\t\t\t\t<a class=\"elementor-post__thumbnail__link\" href=\"https:\/\/agniyoga.es\/index.php\/2021\/09\/06\/el-maravilloso-e-inconmensurable-poder-de-la-gratitud\/\">\n\t\t\t<div class=\"elementor-post__thumbnail\"><img loading=\"lazy\" decoding=\"async\" width=\"800\" height=\"600\" src=\"https:\/\/agniyoga.es\/wp-content\/uploads\/2021\/09\/WhatsApp-Image-2021-08-19-at-21.01.45-1-1024x768.jpeg\" class=\"attachment-large size-large\" alt=\"\" srcset=\"https:\/\/agniyoga.es\/wp-content\/uploads\/2021\/09\/WhatsApp-Image-2021-08-19-at-21.01.45-1-1024x768.jpeg 1024w, https:\/\/agniyoga.es\/wp-content\/uploads\/2021\/09\/WhatsApp-Image-2021-08-19-at-21.01.45-1-300x225.jpeg 300w, https:\/\/agniyoga.es\/wp-content\/uploads\/2021\/09\/WhatsApp-Image-2021-08-19-at-21.01.45-1-768x576.jpeg 768w, https:\/\/agniyoga.es\/wp-content\/uploads\/2021\/09\/WhatsApp-Image-2021-08-19-at-21.01.45-1-1536x1153.jpeg 1536w, https:\/\/agniyoga.es\/wp-content\/uploads\/2021\/09\/WhatsApp-Image-2021-08-19-at-21.01.45-1.jpeg 1599w\" sizes=\"(max-width: 800px) 100vw, 800px\" \/><\/div>\n\t\t<\/a>\n\t\t\t\t<div class=\"elementor-post__text\">\n\t\t\t\t<h3 class=\"elementor-post__title\">\n\t\t\t<a href=\"https:\/\/agniyoga.es\/index.php\/2021\/09\/06\/el-maravilloso-e-inconmensurable-poder-de-la-gratitud\/\">\n\t\t\t\tEl maravilloso e inconmensurable poder de la gratitud\t\t\t<\/a>\n\t\t<\/h3>\n\t\t\t\t<div class=\"elementor-post__excerpt\">\n\t\t\t<p>\u00a0\u00a0 A veces no tenemos palabras para nombrar o describir verdades esenciales, que forman parte de nuestra experiencia vital, sin embargo, y puesto que forman parte de la misma, a golpe de observarnos y observar nuestros estados, se produce una aproximaci\u00f3n cognitiva entre aquello observado y la mente observadora, y<\/p>\n\t\t<\/div>\n\t\t\t\t<\/div>\n\t\t\t\t<div class=\"elementor-post__meta-data\">\n\t\t\t\t\t<span class=\"elementor-post-date\">\n\t\t\t6 septiembre, 2021\t\t<\/span>\n\t\t\t\t<\/div>\n\t\t\t\t\t<\/div>\n\t\t<\/article>\n\t\t\t\t<article class=\"elementor-post elementor-grid-item post-919 post type-post status-publish format-standard has-post-thumbnail hentry category-articulos\">\n\t\t\t<div class=\"elementor-post__card\">\n\t\t\t\t<a class=\"elementor-post__thumbnail__link\" href=\"https:\/\/agniyoga.es\/index.php\/2021\/07\/29\/transcripcion-no-literal-sobre-el-contenido-del-siguiente-video-por-concordar-plenamente-con-lo-que-en-el-se-dice\/\">\n\t\t\t<div class=\"elementor-post__thumbnail\"><img loading=\"lazy\" decoding=\"async\" width=\"800\" height=\"600\" src=\"https:\/\/agniyoga.es\/wp-content\/uploads\/2021\/07\/Torog\u00f3-1024x768.jpeg\" class=\"attachment-large size-large\" alt=\"\" srcset=\"https:\/\/agniyoga.es\/wp-content\/uploads\/2021\/07\/Torog\u00f3-1024x768.jpeg 1024w, https:\/\/agniyoga.es\/wp-content\/uploads\/2021\/07\/Torog\u00f3-300x225.jpeg 300w, https:\/\/agniyoga.es\/wp-content\/uploads\/2021\/07\/Torog\u00f3-768x576.jpeg 768w, https:\/\/agniyoga.es\/wp-content\/uploads\/2021\/07\/Torog\u00f3-1536x1153.jpeg 1536w, https:\/\/agniyoga.es\/wp-content\/uploads\/2021\/07\/Torog\u00f3.jpeg 1599w\" sizes=\"(max-width: 800px) 100vw, 800px\" \/><\/div>\n\t\t<\/a>\n\t\t\t\t<div class=\"elementor-post__text\">\n\t\t\t\t<h3 class=\"elementor-post__title\">\n\t\t\t<a href=\"https:\/\/agniyoga.es\/index.php\/2021\/07\/29\/transcripcion-no-literal-sobre-el-contenido-del-siguiente-video-por-concordar-plenamente-con-lo-que-en-el-se-dice\/\">\n\t\t\t\tTranscripci\u00f3n no literal sobre el contenido del siguiente v\u00eddeo por concordar plenamente con lo que en \u00e9l se dice\t\t\t<\/a>\n\t\t<\/h3>\n\t\t\t\t<div class=\"elementor-post__excerpt\">\n\t\t\t<p>&nbsp;&nbsp; En su acepci\u00f3n pura, una Ley es un precepto Universal inmutable, que aplica siempre, indistintamente del conocimiento o desconocimiento que se tenga del mismo. Esta definici\u00f3n se ajusta perfectamente a lo que ser\u00edan las Leyes Naturales y las leyes f\u00edsicas. El problema es que los mandatarios que ejercen poder<\/p>\n\t\t<\/div>\n\t\t\t\t<\/div>\n\t\t\t\t<div class=\"elementor-post__meta-data\">\n\t\t\t\t\t<span class=\"elementor-post-date\">\n\t\t\t29 julio, 2021\t\t<\/span>\n\t\t\t\t<\/div>\n\t\t\t\t\t<\/div>\n\t\t<\/article>\n\t\t\t\t<article class=\"elementor-post elementor-grid-item post-914 post type-post status-publish format-standard has-post-thumbnail hentry category-articulos\">\n\t\t\t<div class=\"elementor-post__card\">\n\t\t\t\t<a class=\"elementor-post__thumbnail__link\" href=\"https:\/\/agniyoga.es\/index.php\/2021\/05\/15\/el-mecanismo-de-la-atencion\/\">\n\t\t\t<div class=\"elementor-post__thumbnail\"><img loading=\"lazy\" decoding=\"async\" width=\"800\" height=\"600\" src=\"https:\/\/agniyoga.es\/wp-content\/uploads\/2021\/05\/18-1024x768.jpeg\" class=\"attachment-large size-large\" alt=\"\" srcset=\"https:\/\/agniyoga.es\/wp-content\/uploads\/2021\/05\/18-1024x768.jpeg 1024w, https:\/\/agniyoga.es\/wp-content\/uploads\/2021\/05\/18-300x225.jpeg 300w, https:\/\/agniyoga.es\/wp-content\/uploads\/2021\/05\/18-768x576.jpeg 768w, https:\/\/agniyoga.es\/wp-content\/uploads\/2021\/05\/18-1536x1153.jpeg 1536w, https:\/\/agniyoga.es\/wp-content\/uploads\/2021\/05\/18.jpeg 1599w\" sizes=\"(max-width: 800px) 100vw, 800px\" \/><\/div>\n\t\t<\/a>\n\t\t\t\t<div class=\"elementor-post__text\">\n\t\t\t\t<h3 class=\"elementor-post__title\">\n\t\t\t<a href=\"https:\/\/agniyoga.es\/index.php\/2021\/05\/15\/el-mecanismo-de-la-atencion\/\">\n\t\t\t\tEL MECANISMO DE LA ATENCI\u00d3N\t\t\t<\/a>\n\t\t<\/h3>\n\t\t\t\t<div class=\"elementor-post__excerpt\">\n\t\t\t<p>\u00a0\u00a0 Para empezar, necesitamos abordar una pregunta fundamental \u00bfqu\u00e9 es la atenci\u00f3n? Podr\u00edamos describir la atenci\u00f3n como la ventana al conocimiento. El \u00e1rea del cerebro que se ocupa de la atenci\u00f3n es el neoc\u00f3rtex, desde un punto de vista filogen\u00e9tico, es la parte m\u00e1s nueva del cerebro, la de adquisici\u00f3n<\/p>\n\t\t<\/div>\n\t\t\t\t<\/div>\n\t\t\t\t<div class=\"elementor-post__meta-data\">\n\t\t\t\t\t<span class=\"elementor-post-date\">\n\t\t\t15 mayo, 2021\t\t<\/span>\n\t\t\t\t<\/div>\n\t\t\t\t\t<\/div>\n\t\t<\/article>\n\t\t\t\t<article class=\"elementor-post elementor-grid-item post-909 post type-post status-publish format-standard has-post-thumbnail hentry category-articulos\">\n\t\t\t<div class=\"elementor-post__card\">\n\t\t\t\t<a class=\"elementor-post__thumbnail__link\" href=\"https:\/\/agniyoga.es\/index.php\/2021\/04\/18\/soberania-y-proteccion\/\">\n\t\t\t<div class=\"elementor-post__thumbnail\"><img loading=\"lazy\" decoding=\"async\" width=\"800\" height=\"600\" src=\"https:\/\/agniyoga.es\/wp-content\/uploads\/2021\/04\/8-1024x768.jpeg\" class=\"attachment-large size-large\" alt=\"\" srcset=\"https:\/\/agniyoga.es\/wp-content\/uploads\/2021\/04\/8-1024x768.jpeg 1024w, https:\/\/agniyoga.es\/wp-content\/uploads\/2021\/04\/8-300x225.jpeg 300w, https:\/\/agniyoga.es\/wp-content\/uploads\/2021\/04\/8-768x576.jpeg 768w, https:\/\/agniyoga.es\/wp-content\/uploads\/2021\/04\/8-1536x1153.jpeg 1536w, https:\/\/agniyoga.es\/wp-content\/uploads\/2021\/04\/8.jpeg 1599w\" sizes=\"(max-width: 800px) 100vw, 800px\" \/><\/div>\n\t\t<\/a>\n\t\t\t\t<div class=\"elementor-post__text\">\n\t\t\t\t<h3 class=\"elementor-post__title\">\n\t\t\t<a href=\"https:\/\/agniyoga.es\/index.php\/2021\/04\/18\/soberania-y-proteccion\/\">\n\t\t\t\tSOBERAN\u00cdA Y PROTECCI\u00d3N\t\t\t<\/a>\n\t\t<\/h3>\n\t\t\t\t<div class=\"elementor-post__excerpt\">\n\t\t\t<p>&nbsp;&nbsp; El ser infantil es completamente vulnerable porque no tiene escudos ni mecanismos de protecci\u00f3n en ninguno de sus cuerpos inferiores. Por esa raz\u00f3n llegamos a la encarnaci\u00f3n f\u00edsica completamente expuest@s a cualquier incidencia de cualquier \u00edndole, siendo responsabilidad de nuestros progenitores la protecci\u00f3n de ese ser tierno e indefenso<\/p>\n\t\t<\/div>\n\t\t\t\t<\/div>\n\t\t\t\t<div class=\"elementor-post__meta-data\">\n\t\t\t\t\t<span class=\"elementor-post-date\">\n\t\t\t18 abril, 2021\t\t<\/span>\n\t\t\t\t<\/div>\n\t\t\t\t\t<\/div>\n\t\t<\/article>\n\t\t\t\t<article class=\"elementor-post elementor-grid-item post-903 post type-post status-publish format-standard has-post-thumbnail hentry category-articulos\">\n\t\t\t<div class=\"elementor-post__card\">\n\t\t\t\t<a class=\"elementor-post__thumbnail__link\" href=\"https:\/\/agniyoga.es\/index.php\/2021\/04\/14\/mas-sobre-el-agni-yoga\/\">\n\t\t\t<div class=\"elementor-post__thumbnail\"><img loading=\"lazy\" decoding=\"async\" width=\"800\" height=\"600\" src=\"https:\/\/agniyoga.es\/wp-content\/uploads\/2021\/04\/20170822_203752-1024x768.jpg\" class=\"attachment-large size-large\" alt=\"\" srcset=\"https:\/\/agniyoga.es\/wp-content\/uploads\/2021\/04\/20170822_203752-1024x768.jpg 1024w, https:\/\/agniyoga.es\/wp-content\/uploads\/2021\/04\/20170822_203752-300x225.jpg 300w, https:\/\/agniyoga.es\/wp-content\/uploads\/2021\/04\/20170822_203752-768x576.jpg 768w, https:\/\/agniyoga.es\/wp-content\/uploads\/2021\/04\/20170822_203752-1536x1152.jpg 1536w, https:\/\/agniyoga.es\/wp-content\/uploads\/2021\/04\/20170822_203752-2048x1536.jpg 2048w\" sizes=\"(max-width: 800px) 100vw, 800px\" \/><\/div>\n\t\t<\/a>\n\t\t\t\t<div class=\"elementor-post__text\">\n\t\t\t\t<h3 class=\"elementor-post__title\">\n\t\t\t<a href=\"https:\/\/agniyoga.es\/index.php\/2021\/04\/14\/mas-sobre-el-agni-yoga\/\">\n\t\t\t\tM\u00e1s sobre el Agni Yoga\t\t\t<\/a>\n\t\t<\/h3>\n\t\t\t\t<div class=\"elementor-post__excerpt\">\n\t\t\t<p>&nbsp;&nbsp; El significado literal del Agni Yoga es Yoga de Fuego, se conoce tambi\u00e9n como el Yoga del Coraz\u00f3n o Yoga de S\u00edntesis. \u00a0\u00a0 El Agni Yoga es, para el ser humano, la pr\u00e1ctica espiritual consciente indiferenciada de la aspiraci\u00f3n a la experiencia consciente de todos los aspectos de la<\/p>\n\t\t<\/div>\n\t\t\t\t<\/div>\n\t\t\t\t<div class=\"elementor-post__meta-data\">\n\t\t\t\t\t<span class=\"elementor-post-date\">\n\t\t\t14 abril, 2021\t\t<\/span>\n\t\t\t\t<\/div>\n\t\t\t\t\t<\/div>\n\t\t<\/article>\n\t\t\t\t<article class=\"elementor-post elementor-grid-item post-899 post type-post status-publish format-standard has-post-thumbnail hentry category-articulos\">\n\t\t\t<div class=\"elementor-post__card\">\n\t\t\t\t<a class=\"elementor-post__thumbnail__link\" href=\"https:\/\/agniyoga.es\/index.php\/2021\/02\/13\/que-me-pasa-cuando-siento-rechazo\/\">\n\t\t\t<div class=\"elementor-post__thumbnail\"><img loading=\"lazy\" decoding=\"async\" width=\"800\" height=\"450\" src=\"https:\/\/agniyoga.es\/wp-content\/uploads\/2021\/02\/2020-06-01-at-19.55.43-2-1024x576.jpeg\" class=\"attachment-large size-large\" alt=\"\" srcset=\"https:\/\/agniyoga.es\/wp-content\/uploads\/2021\/02\/2020-06-01-at-19.55.43-2-1024x576.jpeg 1024w, https:\/\/agniyoga.es\/wp-content\/uploads\/2021\/02\/2020-06-01-at-19.55.43-2-300x169.jpeg 300w, https:\/\/agniyoga.es\/wp-content\/uploads\/2021\/02\/2020-06-01-at-19.55.43-2-768x432.jpeg 768w, https:\/\/agniyoga.es\/wp-content\/uploads\/2021\/02\/2020-06-01-at-19.55.43-2-1536x864.jpeg 1536w, https:\/\/agniyoga.es\/wp-content\/uploads\/2021\/02\/2020-06-01-at-19.55.43-2.jpeg 1600w\" sizes=\"(max-width: 800px) 100vw, 800px\" \/><\/div>\n\t\t<\/a>\n\t\t\t\t<div class=\"elementor-post__text\">\n\t\t\t\t<h3 class=\"elementor-post__title\">\n\t\t\t<a href=\"https:\/\/agniyoga.es\/index.php\/2021\/02\/13\/que-me-pasa-cuando-siento-rechazo\/\">\n\t\t\t\t\u00bfQU\u00c9 ME PASA CUANDO SIENTO RECHAZO?\t\t\t<\/a>\n\t\t<\/h3>\n\t\t\t\t<div class=\"elementor-post__excerpt\">\n\t\t\t<p>&nbsp;&nbsp; Ocupada en otros temas que reclaman mi atenci\u00f3n, hace d\u00edas que no escribo aqu\u00ed. Lo que me mueve hoy, como de costumbre, es un deseo de sondear el oc\u00e9ano de mi propia cognici\u00f3n para dejar emerger los significados y prop\u00f3sitos de mis propias experiencias. Extraer y estructurar la informaci\u00f3n<\/p>\n\t\t<\/div>\n\t\t\t\t<\/div>\n\t\t\t\t<div class=\"elementor-post__meta-data\">\n\t\t\t\t\t<span class=\"elementor-post-date\">\n\t\t\t13 febrero, 2021\t\t<\/span>\n\t\t\t\t<\/div>\n\t\t\t\t\t<\/div>\n\t\t<\/article>\n\t\t\t\t<article class=\"elementor-post elementor-grid-item post-820 post type-post status-publish format-standard has-post-thumbnail hentry category-articulos\">\n\t\t\t<div class=\"elementor-post__card\">\n\t\t\t\t<a class=\"elementor-post__thumbnail__link\" href=\"https:\/\/agniyoga.es\/index.php\/2020\/12\/05\/sombra-y-espiritualidad\/\">\n\t\t\t<div class=\"elementor-post__thumbnail\"><img loading=\"lazy\" decoding=\"async\" width=\"800\" height=\"600\" src=\"https:\/\/agniyoga.es\/wp-content\/uploads\/2020\/12\/20170629_202550-1024x768.jpg\" class=\"attachment-large size-large\" alt=\"\" srcset=\"https:\/\/agniyoga.es\/wp-content\/uploads\/2020\/12\/20170629_202550-1024x768.jpg 1024w, https:\/\/agniyoga.es\/wp-content\/uploads\/2020\/12\/20170629_202550-300x225.jpg 300w, https:\/\/agniyoga.es\/wp-content\/uploads\/2020\/12\/20170629_202550-768x576.jpg 768w, https:\/\/agniyoga.es\/wp-content\/uploads\/2020\/12\/20170629_202550-1536x1152.jpg 1536w, https:\/\/agniyoga.es\/wp-content\/uploads\/2020\/12\/20170629_202550-2048x1536.jpg 2048w\" sizes=\"(max-width: 800px) 100vw, 800px\" \/><\/div>\n\t\t<\/a>\n\t\t\t\t<div class=\"elementor-post__text\">\n\t\t\t\t<h3 class=\"elementor-post__title\">\n\t\t\t<a href=\"https:\/\/agniyoga.es\/index.php\/2020\/12\/05\/sombra-y-espiritualidad\/\">\n\t\t\t\tSOMBRA Y ESPIRITUALIDAD\t\t\t<\/a>\n\t\t<\/h3>\n\t\t\t\t<div class=\"elementor-post__excerpt\">\n\t\t\t<p>&nbsp;&nbsp;&nbsp; He prescindido siempre de los medios oficiales de \u201cinformaci\u00f3n\u201d. No por falta de inter\u00e9s en averiguar y conocer, sino porque supe percatarme desde muy temprana edad de la falsedad, la arbitrariedad y la manipulaci\u00f3n que se destilaba de ellos. Tengo un don natural de penetraci\u00f3n que me permit\u00eda ver<\/p>\n\t\t<\/div>\n\t\t\t\t<\/div>\n\t\t\t\t<div class=\"elementor-post__meta-data\">\n\t\t\t\t\t<span class=\"elementor-post-date\">\n\t\t\t5 diciembre, 2020\t\t<\/span>\n\t\t\t\t<\/div>\n\t\t\t\t\t<\/div>\n\t\t<\/article>\n\t\t\t\t<article class=\"elementor-post elementor-grid-item post-815 post type-post status-publish format-standard has-post-thumbnail hentry category-articulos\">\n\t\t\t<div class=\"elementor-post__card\">\n\t\t\t\t<a class=\"elementor-post__thumbnail__link\" href=\"https:\/\/agniyoga.es\/index.php\/2020\/11\/14\/escrito-del-13-de-noviembre\/\">\n\t\t\t<div class=\"elementor-post__thumbnail\"><img loading=\"lazy\" decoding=\"async\" width=\"800\" height=\"600\" src=\"https:\/\/agniyoga.es\/wp-content\/uploads\/2020\/11\/20170629_201353-1024x768.jpg\" class=\"attachment-large size-large\" alt=\"\" srcset=\"https:\/\/agniyoga.es\/wp-content\/uploads\/2020\/11\/20170629_201353-1024x768.jpg 1024w, https:\/\/agniyoga.es\/wp-content\/uploads\/2020\/11\/20170629_201353-300x225.jpg 300w, https:\/\/agniyoga.es\/wp-content\/uploads\/2020\/11\/20170629_201353-768x576.jpg 768w, https:\/\/agniyoga.es\/wp-content\/uploads\/2020\/11\/20170629_201353-1536x1152.jpg 1536w, https:\/\/agniyoga.es\/wp-content\/uploads\/2020\/11\/20170629_201353-2048x1536.jpg 2048w\" sizes=\"(max-width: 800px) 100vw, 800px\" \/><\/div>\n\t\t<\/a>\n\t\t\t\t<div class=\"elementor-post__text\">\n\t\t\t\t<h3 class=\"elementor-post__title\">\n\t\t\t<a href=\"https:\/\/agniyoga.es\/index.php\/2020\/11\/14\/escrito-del-13-de-noviembre\/\">\n\t\t\t\tEscrito del 13 de noviembre\t\t\t<\/a>\n\t\t<\/h3>\n\t\t\t\t<div class=\"elementor-post__excerpt\">\n\t\t\t<p>&nbsp;&nbsp; Quisiera encontrar las palabras no s\u00f3lo para describir lo que me pasa, sino tambi\u00e9n para hacer una prospecci\u00f3n profunda en la realidad de lo que est\u00e1 aconteciendo. Dentro del propio ser humano, en este caso de mi propio ser, hay muchos niveles de realidad. Abordarlos todos de forma conceptual<\/p>\n\t\t<\/div>\n\t\t\t\t<\/div>\n\t\t\t\t<div class=\"elementor-post__meta-data\">\n\t\t\t\t\t<span class=\"elementor-post-date\">\n\t\t\t14 noviembre, 2020\t\t<\/span>\n\t\t\t\t<\/div>\n\t\t\t\t\t<\/div>\n\t\t<\/article>\n\t\t\t\t<article class=\"elementor-post elementor-grid-item post-811 post type-post status-publish format-standard has-post-thumbnail hentry category-articulos\">\n\t\t\t<div class=\"elementor-post__card\">\n\t\t\t\t<a class=\"elementor-post__thumbnail__link\" href=\"https:\/\/agniyoga.es\/index.php\/2020\/11\/10\/liberacion-de-la-tierra\/\">\n\t\t\t<div class=\"elementor-post__thumbnail\"><img loading=\"lazy\" decoding=\"async\" width=\"800\" height=\"600\" src=\"https:\/\/agniyoga.es\/wp-content\/uploads\/2020\/11\/IMG_9217-1024x768.jpg\" class=\"attachment-large size-large\" alt=\"\" srcset=\"https:\/\/agniyoga.es\/wp-content\/uploads\/2020\/11\/IMG_9217-1024x768.jpg 1024w, https:\/\/agniyoga.es\/wp-content\/uploads\/2020\/11\/IMG_9217-300x225.jpg 300w, https:\/\/agniyoga.es\/wp-content\/uploads\/2020\/11\/IMG_9217-768x576.jpg 768w, https:\/\/agniyoga.es\/wp-content\/uploads\/2020\/11\/IMG_9217-1536x1152.jpg 1536w, https:\/\/agniyoga.es\/wp-content\/uploads\/2020\/11\/IMG_9217-2048x1536.jpg 2048w\" sizes=\"(max-width: 800px) 100vw, 800px\" \/><\/div>\n\t\t<\/a>\n\t\t\t\t<div class=\"elementor-post__text\">\n\t\t\t\t<h3 class=\"elementor-post__title\">\n\t\t\t<a href=\"https:\/\/agniyoga.es\/index.php\/2020\/11\/10\/liberacion-de-la-tierra\/\">\n\t\t\t\tLIBERACI\u00d3N DE LA TIERRA\t\t\t<\/a>\n\t\t<\/h3>\n\t\t\t\t<div class=\"elementor-post__excerpt\">\n\t\t\t<p>&nbsp;&nbsp; Me declaro Soberana e Hija de la Tierra. Nacida de su seno -Mater materia- soy habitante de la Tierra por derecho de nacimiento. Por derecho de nacimiento nac\u00ed libre y Ella garantiz\u00f3 mi sustento y mi desarrollo f\u00edsico y consciencial. Mi condici\u00f3n de Hija leg\u00edtima de la Tierra me<\/p>\n\t\t<\/div>\n\t\t\t\t<\/div>\n\t\t\t\t<div class=\"elementor-post__meta-data\">\n\t\t\t\t\t<span class=\"elementor-post-date\">\n\t\t\t10 noviembre, 2020\t\t<\/span>\n\t\t\t\t<\/div>\n\t\t\t\t\t<\/div>\n\t\t<\/article>\n\t\t\t\t<article class=\"elementor-post elementor-grid-item post-807 post type-post status-publish format-standard has-post-thumbnail hentry category-articulos\">\n\t\t\t<div class=\"elementor-post__card\">\n\t\t\t\t<a class=\"elementor-post__thumbnail__link\" href=\"https:\/\/agniyoga.es\/index.php\/2020\/11\/07\/escrito-del-dia-7-de-noviembre\/\">\n\t\t\t<div class=\"elementor-post__thumbnail\"><img loading=\"lazy\" decoding=\"async\" width=\"800\" height=\"531\" src=\"https:\/\/agniyoga.es\/wp-content\/uploads\/2020\/11\/DSCF0289-1024x680.jpg\" class=\"attachment-large size-large\" alt=\"\" srcset=\"https:\/\/agniyoga.es\/wp-content\/uploads\/2020\/11\/DSCF0289-1024x680.jpg 1024w, https:\/\/agniyoga.es\/wp-content\/uploads\/2020\/11\/DSCF0289-300x199.jpg 300w, https:\/\/agniyoga.es\/wp-content\/uploads\/2020\/11\/DSCF0289-768x510.jpg 768w, https:\/\/agniyoga.es\/wp-content\/uploads\/2020\/11\/DSCF0289-1536x1020.jpg 1536w, https:\/\/agniyoga.es\/wp-content\/uploads\/2020\/11\/DSCF0289-2048x1360.jpg 2048w\" sizes=\"(max-width: 800px) 100vw, 800px\" \/><\/div>\n\t\t<\/a>\n\t\t\t\t<div class=\"elementor-post__text\">\n\t\t\t\t<h3 class=\"elementor-post__title\">\n\t\t\t<a href=\"https:\/\/agniyoga.es\/index.php\/2020\/11\/07\/escrito-del-dia-7-de-noviembre\/\">\n\t\t\t\tEscrito del d\u00eda 7 de noviembre\t\t\t<\/a>\n\t\t<\/h3>\n\t\t\t\t<div class=\"elementor-post__excerpt\">\n\t\t\t<p>&nbsp;&nbsp; Tristeza y decaimiento resuenan en mi ser como mar de fondo. Respiro y abrazo mi estado con toda la ternura y la calidez de mi aspecto maternal, que con tanta firmeza y ecuanimidad se ha manifestado en mi vida actual. Tras este movimiento integrativo que me permite expresarme desde<\/p>\n\t\t<\/div>\n\t\t\t\t<\/div>\n\t\t\t\t<div class=\"elementor-post__meta-data\">\n\t\t\t\t\t<span class=\"elementor-post-date\">\n\t\t\t7 noviembre, 2020\t\t<\/span>\n\t\t\t\t<\/div>\n\t\t\t\t\t<\/div>\n\t\t<\/article>\n\t\t\t\t<article class=\"elementor-post elementor-grid-item post-805 post type-post status-publish format-standard has-post-thumbnail hentry category-articulos\">\n\t\t\t<div class=\"elementor-post__card\">\n\t\t\t\t<a class=\"elementor-post__thumbnail__link\" href=\"https:\/\/agniyoga.es\/index.php\/2020\/10\/21\/lenfoc-correcte\/\">\n\t\t\t<div class=\"elementor-post__thumbnail\"><img loading=\"lazy\" decoding=\"async\" width=\"800\" height=\"533\" src=\"https:\/\/agniyoga.es\/wp-content\/uploads\/2020\/10\/IMG_3783-scaled.jpg\" class=\"attachment-large size-large\" alt=\"\" srcset=\"https:\/\/agniyoga.es\/wp-content\/uploads\/2020\/10\/IMG_3783-scaled.jpg 2560w, https:\/\/agniyoga.es\/wp-content\/uploads\/2020\/10\/IMG_3783-300x200.jpg 300w\" sizes=\"(max-width: 800px) 100vw, 800px\" \/><\/div>\n\t\t<\/a>\n\t\t\t\t<div class=\"elementor-post__text\">\n\t\t\t\t<h3 class=\"elementor-post__title\">\n\t\t\t<a href=\"https:\/\/agniyoga.es\/index.php\/2020\/10\/21\/lenfoc-correcte\/\">\n\t\t\t\tL&#8217;enfoc correcte\t\t\t<\/a>\n\t\t<\/h3>\n\t\t\t\t<div class=\"elementor-post__excerpt\">\n\t\t\t<p>\u00a0\u00a0 Estimades i estimats, no \u00e9s recomanable esperar que les persones addu\u00efdes surtin de la seva hipnosi, l\u2019esperan\u00e7a sovint \u00e9s un caramel amargant. Per\u00f2 encara \u00e9s pitjor afirmar que \u201cfins que no surtin de la seva hipnosi no hi ha res a fer\u201d, aquest \u00e9s un enfoc fatalista i tramp\u00f3s<\/p>\n\t\t<\/div>\n\t\t\t\t<\/div>\n\t\t\t\t<div class=\"elementor-post__meta-data\">\n\t\t\t\t\t<span class=\"elementor-post-date\">\n\t\t\t21 octubre, 2020\t\t<\/span>\n\t\t\t\t<\/div>\n\t\t\t\t\t<\/div>\n\t\t<\/article>\n\t\t\t\t<article class=\"elementor-post elementor-grid-item post-802 post type-post status-publish format-standard has-post-thumbnail hentry category-articulos\">\n\t\t\t<div class=\"elementor-post__card\">\n\t\t\t\t<a class=\"elementor-post__thumbnail__link\" href=\"https:\/\/agniyoga.es\/index.php\/2020\/10\/21\/comentario-a-un-video-de-youtube\/\">\n\t\t\t<div class=\"elementor-post__thumbnail\"><img loading=\"lazy\" decoding=\"async\" width=\"800\" height=\"600\" src=\"https:\/\/agniyoga.es\/wp-content\/uploads\/2020\/10\/WhatsApp-Image-2020-10-18-at-17.28.33-1024x768.jpeg\" class=\"attachment-large size-large\" alt=\"\" srcset=\"https:\/\/agniyoga.es\/wp-content\/uploads\/2020\/10\/WhatsApp-Image-2020-10-18-at-17.28.33-1024x768.jpeg 1024w, https:\/\/agniyoga.es\/wp-content\/uploads\/2020\/10\/WhatsApp-Image-2020-10-18-at-17.28.33-300x225.jpeg 300w, https:\/\/agniyoga.es\/wp-content\/uploads\/2020\/10\/WhatsApp-Image-2020-10-18-at-17.28.33-768x576.jpeg 768w, https:\/\/agniyoga.es\/wp-content\/uploads\/2020\/10\/WhatsApp-Image-2020-10-18-at-17.28.33-1536x1153.jpeg 1536w, https:\/\/agniyoga.es\/wp-content\/uploads\/2020\/10\/WhatsApp-Image-2020-10-18-at-17.28.33.jpeg 1599w\" sizes=\"(max-width: 800px) 100vw, 800px\" \/><\/div>\n\t\t<\/a>\n\t\t\t\t<div class=\"elementor-post__text\">\n\t\t\t\t<h3 class=\"elementor-post__title\">\n\t\t\t<a href=\"https:\/\/agniyoga.es\/index.php\/2020\/10\/21\/comentario-a-un-video-de-youtube\/\">\n\t\t\t\tComentario a un v\u00eddeo de YouTube\t\t\t<\/a>\n\t\t<\/h3>\n\t\t\t\t<div class=\"elementor-post__excerpt\">\n\t\t\t<p>&nbsp;&nbsp; Vaya por delante, Emilio, mi reconocimiento y mi gratitud a tu generoso compartir tus afinadas y conscientes percepciones, con las que, con frecuencia, me he sentido gratamente acompa\u00f1ada. En el caso de esta respuesta, Emilio, cuando afirmamos que no es apropiado utilizar la mente para crear nuestra realidad, desde<\/p>\n\t\t<\/div>\n\t\t\t\t<\/div>\n\t\t\t\t<div class=\"elementor-post__meta-data\">\n\t\t\t\t\t<span class=\"elementor-post-date\">\n\t\t\t21 octubre, 2020\t\t<\/span>\n\t\t\t\t<\/div>\n\t\t\t\t\t<\/div>\n\t\t<\/article>\n\t\t\t\t<article class=\"elementor-post elementor-grid-item post-793 post type-post status-publish format-standard has-post-thumbnail hentry category-articulos\">\n\t\t\t<div class=\"elementor-post__card\">\n\t\t\t\t<a class=\"elementor-post__thumbnail__link\" href=\"https:\/\/agniyoga.es\/index.php\/2020\/09\/28\/la-supremacia-de-la-verdad\/\">\n\t\t\t<div class=\"elementor-post__thumbnail\"><img loading=\"lazy\" decoding=\"async\" width=\"800\" height=\"533\" src=\"https:\/\/agniyoga.es\/wp-content\/uploads\/2020\/09\/IMG_3729-scaled.jpg\" class=\"attachment-large size-large\" alt=\"\" srcset=\"https:\/\/agniyoga.es\/wp-content\/uploads\/2020\/09\/IMG_3729-scaled.jpg 2560w, https:\/\/agniyoga.es\/wp-content\/uploads\/2020\/09\/IMG_3729-300x200.jpg 300w\" sizes=\"(max-width: 800px) 100vw, 800px\" \/><\/div>\n\t\t<\/a>\n\t\t\t\t<div class=\"elementor-post__text\">\n\t\t\t\t<h3 class=\"elementor-post__title\">\n\t\t\t<a href=\"https:\/\/agniyoga.es\/index.php\/2020\/09\/28\/la-supremacia-de-la-verdad\/\">\n\t\t\t\tLA SUPREMAC\u00cdA DE LA VERDAD\t\t\t<\/a>\n\t\t<\/h3>\n\t\t\t\t<div class=\"elementor-post__excerpt\">\n\t\t\t<p>&nbsp;&nbsp; Vivimos en una sociedad enferma, disminuida, esclavizada, aunque en realidad s\u00f3lo somos v\u00edctimas de nosotr@s mism@s. Hoy en d\u00eda, la marca de la esclavitud es la mascarilla, y hasta tal punto somos esclav@s, que obligamos a nuestr@s hij@s a pon\u00e9rsela, pasando por alto los graves riesgos f\u00edsicos y psicol\u00f3gicos<\/p>\n\t\t<\/div>\n\t\t\t\t<\/div>\n\t\t\t\t<div class=\"elementor-post__meta-data\">\n\t\t\t\t\t<span class=\"elementor-post-date\">\n\t\t\t28 septiembre, 2020\t\t<\/span>\n\t\t\t\t<\/div>\n\t\t\t\t\t<\/div>\n\t\t<\/article>\n\t\t\t\t<\/div>\n\t\t\t\t<nav class=\"elementor-pagination\" role=\"navigation\" aria-label=\"Paginaci\u00f3n\">\n\t\t\t<span aria-current=\"page\" class=\"page-numbers current\"><span class=\"elementor-screen-only\">P\u00e1gina<\/span>1<\/span>\n<a class=\"page-numbers\" href=\"https:\/\/agniyoga.es\/index.php\/wp-json\/wp\/v2\/pages\/469\/page\/2\/\"><span class=\"elementor-screen-only\">P\u00e1gina<\/span>2<\/a>\n<a class=\"page-numbers\" href=\"https:\/\/agniyoga.es\/index.php\/wp-json\/wp\/v2\/pages\/469\/page\/3\/\"><span class=\"elementor-screen-only\">P\u00e1gina<\/span>3<\/a>\t\t<\/nav>\n\t\t\t\t<\/div>\n\t\t\t\t<\/div>\n\t\t\t\t\t\t<\/div>\n\t\t\t<\/div>\n\t\t<\/div>\n\t\t\t\t\t\t<\/div>\n\t\t\t<\/div>\n\t\t<\/section>\n\t\t\t\t<section class=\"elementor-element elementor-element-97594e0 elementor-section-boxed elementor-section-height-default elementor-section-height-default elementor-section elementor-top-section\" data-id=\"97594e0\" data-element_type=\"section\">\n\t\t\t\t\t\t<div class=\"elementor-container elementor-column-gap-default\">\n\t\t\t\t<div class=\"elementor-row\">\n\t\t\t\t<div class=\"elementor-element elementor-element-d380a9f elementor-column elementor-col-100 elementor-top-column\" data-id=\"d380a9f\" data-element_type=\"column\">\n\t\t\t<div class=\"elementor-column-wrap  elementor-element-populated\">\n\t\t\t\t\t<div class=\"elementor-widget-wrap\">\n\t\t\t\t<div class=\"elementor-element elementor-element-ed29d55 elementor-widget elementor-widget-spacer\" data-id=\"ed29d55\" data-element_type=\"widget\" data-widget_type=\"spacer.default\">\n\t\t\t\t<div class=\"elementor-widget-container\">\n\t\t\t\t\t<div class=\"elementor-spacer\">\n\t\t\t<div class=\"elementor-spacer-inner\"><\/div>\n\t\t<\/div>\n\t\t\t\t<\/div>\n\t\t\t\t<\/div>\n\t\t\t\t\t\t<\/div>\n\t\t\t<\/div>\n\t\t<\/div>\n\t\t\t\t\t\t<\/div>\n\t\t\t<\/div>\n\t\t<\/section>\n\t\t\t\t<section class=\"elementor-element elementor-element-18369b4 elementor-section-boxed elementor-section-height-default elementor-section-height-default elementor-section elementor-top-section\" data-id=\"18369b4\" data-element_type=\"section\" data-settings=\"{&quot;background_background&quot;:&quot;classic&quot;}\">\n\t\t\t\t\t\t<div class=\"elementor-container elementor-column-gap-default\">\n\t\t\t\t<div class=\"elementor-row\">\n\t\t\t\t<div class=\"elementor-element elementor-element-968ae51 elementor-column elementor-col-50 elementor-top-column\" data-id=\"968ae51\" data-element_type=\"column\">\n\t\t\t<div class=\"elementor-column-wrap  elementor-element-populated\">\n\t\t\t\t\t<div class=\"elementor-widget-wrap\">\n\t\t\t\t<div class=\"elementor-element elementor-element-fc87d8e elementor-widget elementor-widget-heading\" data-id=\"fc87d8e\" data-element_type=\"widget\" data-widget_type=\"heading.default\">\n\t\t\t\t<div class=\"elementor-widget-container\">\n\t\t\t<h2 class=\"elementor-heading-title elementor-size-default\">Contacto<\/h2>\t\t<\/div>\n\t\t\t\t<\/div>\n\t\t\t\t<div class=\"elementor-element elementor-element-16db30f elementor-widget elementor-widget-text-editor\" data-id=\"16db30f\" data-element_type=\"widget\" data-widget_type=\"text-editor.default\">\n\t\t\t\t<div class=\"elementor-widget-container\">\n\t\t\t\t\t<div class=\"elementor-text-editor elementor-clearfix\"><p>Si quieres contactar conmigo por alguna raz\u00f3n y dejar alg\u00fan comentario, puedes hacerlo rellenado este formulario. Estar\u00e9 encantada de leerte y responder. Muchas gracias de antemano.<\/p><\/div>\n\t\t\t\t<\/div>\n\t\t\t\t<\/div>\n\t\t\t\t\t\t<\/div>\n\t\t\t<\/div>\n\t\t<\/div>\n\t\t\t\t<div class=\"elementor-element elementor-element-47382f5 elementor-column elementor-col-50 elementor-top-column\" data-id=\"47382f5\" data-element_type=\"column\">\n\t\t\t<div class=\"elementor-column-wrap  elementor-element-populated\">\n\t\t\t\t\t<div class=\"elementor-widget-wrap\">\n\t\t\t\t<div class=\"elementor-element elementor-element-4a8ca83 elementor-button-align-stretch elementor-widget elementor-widget-form\" data-id=\"4a8ca83\" data-element_type=\"widget\" data-widget_type=\"form.default\">\n\t\t\t\t<div class=\"elementor-widget-container\">\n\t\t\t\t\t<form class=\"elementor-form\" method=\"post\" name=\"SUBSCRIPCIO\">\n\t\t\t<input type=\"hidden\" name=\"post_id\" value=\"469\"\/>\n\t\t\t<input type=\"hidden\" name=\"form_id\" value=\"4a8ca83\"\/>\n\n\t\t\t<div class=\"elementor-form-fields-wrapper elementor-labels-above\">\n\t\t\t\t\t\t\t\t<div class=\"elementor-field-type-text elementor-field-group elementor-column elementor-field-group-name elementor-col-100 elementor-field-required\">\n\t\t\t\t\t<label for=\"form-field-name\" class=\"elementor-field-label\">Nombre<\/label><input size=\"1\" type=\"text\" name=\"form_fields[name]\" id=\"form-field-name\" class=\"elementor-field elementor-size-xs  elementor-field-textual\" placeholder=\"Nombre\" required=\"required\" aria-required=\"true\">\t\t\t\t<\/div>\n\t\t\t\t\t\t\t\t<div class=\"elementor-field-type-email elementor-field-group elementor-column elementor-field-group-email elementor-col-100 elementor-field-required\">\n\t\t\t\t\t<label for=\"form-field-email\" class=\"elementor-field-label\">Email<\/label><input size=\"1\" type=\"email\" name=\"form_fields[email]\" id=\"form-field-email\" class=\"elementor-field elementor-size-xs  elementor-field-textual\" placeholder=\"Email\" required=\"required\" aria-required=\"true\">\t\t\t\t<\/div>\n\t\t\t\t\t\t\t\t<div class=\"elementor-field-type-textarea elementor-field-group elementor-column elementor-field-group-Comentarios elementor-col-100\">\n\t\t\t\t\t<label for=\"form-field-Comentarios\" class=\"elementor-field-label\">Comentarios<\/label><textarea class=\"elementor-field-textual elementor-field  elementor-size-xs\" name=\"form_fields[Comentarios]\" id=\"form-field-Comentarios\" rows=\"5\" placeholder=\"Comentrios\">Comentarios<\/textarea>\t\t\t\t<\/div>\n\t\t\t\t\t\t\t\t<div class=\"elementor-field-group elementor-column elementor-field-type-submit elementor-col-100\">\n\t\t\t\t\t<button type=\"submit\" class=\"elementor-button elementor-size-sm\">\n\t\t\t\t\t\t<span >\n\t\t\t\t\t\t\t\t\t\t\t\t\t\t\t\t\t\t\t\t\t\t<span class=\"elementor-button-text\">ENVIA<\/span>\n\t\t\t\t\t\t\t\t\t\t\t\t\t<\/span>\n\t\t\t\t\t<\/button>\n\t\t\t\t<\/div>\n\t\t\t<\/div>\n\t\t<\/form>\n\t\t\t\t<\/div>\n\t\t\t\t<\/div>\n\t\t\t\t<div class=\"elementor-element elementor-element-4e95508 elementor-widget elementor-widget-spacer\" data-id=\"4e95508\" data-element_type=\"widget\" data-widget_type=\"spacer.default\">\n\t\t\t\t<div class=\"elementor-widget-container\">\n\t\t\t\t\t<div class=\"elementor-spacer\">\n\t\t\t<div class=\"elementor-spacer-inner\"><\/div>\n\t\t<\/div>\n\t\t\t\t<\/div>\n\t\t\t\t<\/div>\n\t\t\t\t\t\t<\/div>\n\t\t\t<\/div>\n\t\t<\/div>\n\t\t\t\t\t\t<\/div>\n\t\t\t<\/div>\n\t\t<\/section>\n\t\t\t\t\t\t<\/div>\n\t\t\t<\/div>\n\t\t<\/div>\n\t\t","protected":false},"excerpt":{"rendered":"<p>Contacto Si quieres contactar conmigo por alguna raz\u00f3n y dejar alg\u00fan comentario, puedes hacerlo rellenado este formulario. Estar\u00e9 encantada de leerte y responder. Muchas gracias de antemano.<\/p>\n","protected":false},"author":2,"featured_media":0,"parent":0,"menu_order":0,"comment_status":"closed","ping_status":"closed","template":"elementor_canvas","meta":{"footnotes":""},"_links":{"self":[{"href":"https:\/\/agniyoga.es\/index.php\/wp-json\/wp\/v2\/pages\/469"}],"collection":[{"href":"https:\/\/agniyoga.es\/index.php\/wp-json\/wp\/v2\/pages"}],"about":[{"href":"https:\/\/agniyoga.es\/index.php\/wp-json\/wp\/v2\/types\/page"}],"author":[{"embeddable":true,"href":"https:\/\/agniyoga.es\/index.php\/wp-json\/wp\/v2\/users\/2"}],"replies":[{"embeddable":true,"href":"https:\/\/agniyoga.es\/index.php\/wp-json\/wp\/v2\/comments?post=469"}],"version-history":[{"count":34,"href":"https:\/\/agniyoga.es\/index.php\/wp-json\/wp\/v2\/pages\/469\/revisions"}],"predecessor-version":[{"id":1060,"href":"https:\/\/agniyoga.es\/index.php\/wp-json\/wp\/v2\/pages\/469\/revisions\/1060"}],"wp:attachment":[{"href":"https:\/\/agniyoga.es\/index.php\/wp-json\/wp\/v2\/media?parent=469"}],"curies":[{"name":"wp","href":"https:\/\/api.w.org\/{rel}","templated":true}]}}